{"id":962,"date":"2020-12-16T12:17:49","date_gmt":"2020-12-16T11:17:49","guid":{"rendered":"http:\/\/mdlucbx.cluster030.hosting.ovh.net\/?page_id=962"},"modified":"2026-03-10T10:41:31","modified_gmt":"2026-03-10T09:41:31","slug":"mentions-legales","status":"publish","type":"page","link":"https:\/\/www.le-montagnard.com\/en\/mentions-legales\/","title":{"rendered":"Legal notice"},"content":{"rendered":"\t\t<div data-elementor-type=\"wp-page\" data-elementor-id=\"962\" class=\"elementor elementor-962\" data-elementor-post-type=\"page\">\n\t\t\t\t<div class=\"elementor-element elementor-element-931fe08 e-con-full e-flex e-con e-parent\" data-id=\"931fe08\" data-element_type=\"container\" data-e-type=\"container\" data-settings=\"{&quot;jet_parallax_layout_list&quot;:[{&quot;jet_parallax_layout_image&quot;:{&quot;url&quot;:&quot;&quot;,&quot;id&quot;:&quot;&quot;,&quot;size&quot;:&quot;&quot;},&quot;_id&quot;:&quot;624c18a&quot;,&quot;jet_parallax_layout_image_tablet&quot;:{&quot;url&quot;:&quot;&quot;,&quot;id&quot;:&quot;&quot;,&quot;size&quot;:&quot;&quot;},&quot;jet_parallax_layout_image_mobile&quot;:{&quot;url&quot;:&quot;&quot;,&quot;id&quot;:&quot;&quot;,&quot;size&quot;:&quot;&quot;},&quot;jet_parallax_layout_speed&quot;:{&quot;unit&quot;:&quot;%&quot;,&quot;size&quot;:50,&quot;sizes&quot;:[]},&quot;jet_parallax_layout_type&quot;:&quot;scroll&quot;,&quot;jet_parallax_layout_direction&quot;:&quot;1&quot;,&quot;jet_parallax_layout_fx_direction&quot;:null,&quot;jet_parallax_layout_z_index&quot;:&quot;&quot;,&quot;jet_parallax_layout_bg_x&quot;:50,&quot;jet_parallax_layout_bg_x_tablet&quot;:&quot;&quot;,&quot;jet_parallax_layout_bg_x_mobile&quot;:&quot;&quot;,&quot;jet_parallax_layout_bg_y&quot;:50,&quot;jet_parallax_layout_bg_y_tablet&quot;:&quot;&quot;,&quot;jet_parallax_layout_bg_y_mobile&quot;:&quot;&quot;,&quot;jet_parallax_layout_bg_size&quot;:&quot;auto&quot;,&quot;jet_parallax_layout_bg_size_tablet&quot;:&quot;&quot;,&quot;jet_parallax_layout_bg_size_mobile&quot;:&quot;&quot;,&quot;jet_parallax_layout_animation_prop&quot;:&quot;transform&quot;,&quot;jet_parallax_layout_on&quot;:[&quot;desktop&quot;,&quot;tablet&quot;]}],&quot;background_background&quot;:&quot;gradient&quot;}\">\n\t\t<div class=\"elementor-element elementor-element-4a08225 e-con-full e-flex e-con e-child\" data-id=\"4a08225\" data-element_type=\"container\" data-e-type=\"container\" data-settings=\"{&quot;background_background&quot;:&quot;classic&quot;,&quot;jet_parallax_layout_list&quot;:[]}\">\n\t\t<div class=\"elementor-element elementor-element-e22559c e-con-full e-flex e-con e-child\" data-id=\"e22559c\" data-element_type=\"container\" data-e-type=\"container\" data-settings=\"{&quot;background_background&quot;:&quot;classic&quot;,&quot;jet_parallax_layout_list&quot;:[]}\">\n\t\t\t\t<\/div>\n\t\t\t\t<\/div>\n\t\t<div class=\"elementor-element elementor-element-709bec9 e-con-full e-flex e-con e-child\" data-id=\"709bec9\" data-element_type=\"container\" data-e-type=\"container\" data-settings=\"{&quot;background_background&quot;:&quot;classic&quot;,&quot;jet_parallax_layout_list&quot;:[]}\">\n\t\t<div class=\"elementor-element elementor-element-86d392c e-con-full e-flex e-con e-child\" data-id=\"86d392c\" data-element_type=\"container\" data-e-type=\"container\" data-settings=\"{&quot;jet_parallax_layout_list&quot;:[]}\">\n\t\t\t\t<div class=\"elementor-element elementor-element-13e4d8c elementor-widget elementor-widget-heading\" data-id=\"13e4d8c\" data-element_type=\"widget\" data-e-type=\"widget\" data-widget_type=\"heading.default\">\n\t\t\t\t<div class=\"elementor-widget-container\">\n\t\t\t\t\t<h1 class=\"elementor-heading-title elementor-size-default\">Mentions l\u00e9gales<\/h1>\t\t\t\t<\/div>\n\t\t\t\t<\/div>\n\t\t\t\t<div class=\"elementor-element elementor-element-7760a01 elementor-widget elementor-widget-text-editor\" data-id=\"7760a01\" data-element_type=\"widget\" data-e-type=\"widget\" data-widget_type=\"text-editor.default\">\n\t\t\t\t<div class=\"elementor-widget-container\">\n\t\t\t\t\t\t\t\t\t<p>Pour nous contacter :<br \/>\u2022 Compl\u00e9tez le <a href=\"..\/contact\">formulaire de contact<\/a><br \/>\u2022 Ou appelez-nous au 04 79 01 08 40<\/p><p><strong>Adresse :<\/strong><\/p><p>Les Places<br \/>73440 Saint Martin de Belleville<\/p>\t\t\t\t\t\t\t\t<\/div>\n\t\t\t\t<\/div>\n\t\t\t\t<div class=\"elementor-element elementor-element-3617a45 elementor-widget elementor-widget-image\" data-id=\"3617a45\" data-element_type=\"widget\" data-e-type=\"widget\" data-widget_type=\"image.default\">\n\t\t\t\t<div class=\"elementor-widget-container\">\n\t\t\t\t\t\t\t\t\t\t\t\t\t\t\t<img decoding=\"async\" width=\"118\" height=\"18\" src=\"https:\/\/www.le-montagnard.com\/wp-content\/uploads\/2020\/11\/Fichier-1.svg\" class=\"attachment-large size-large wp-image-367\" alt=\"\" \/>\t\t\t\t\t\t\t\t\t\t\t\t\t\t\t<\/div>\n\t\t\t\t<\/div>\n\t\t\t\t<\/div>\n\t\t\t\t<\/div>\n\t\t\t\t<\/div>\n\t\t<div class=\"elementor-element elementor-element-71773b6 e-con-full e-flex e-con e-parent\" data-id=\"71773b6\" data-element_type=\"container\" data-e-type=\"container\" id=\"down\" data-settings=\"{&quot;jet_parallax_layout_list&quot;:[{&quot;jet_parallax_layout_image&quot;:{&quot;url&quot;:&quot;&quot;,&quot;id&quot;:&quot;&quot;,&quot;size&quot;:&quot;&quot;},&quot;_id&quot;:&quot;e260572&quot;,&quot;jet_parallax_layout_image_tablet&quot;:{&quot;url&quot;:&quot;&quot;,&quot;id&quot;:&quot;&quot;,&quot;size&quot;:&quot;&quot;},&quot;jet_parallax_layout_image_mobile&quot;:{&quot;url&quot;:&quot;&quot;,&quot;id&quot;:&quot;&quot;,&quot;size&quot;:&quot;&quot;},&quot;jet_parallax_layout_speed&quot;:{&quot;unit&quot;:&quot;%&quot;,&quot;size&quot;:50,&quot;sizes&quot;:[]},&quot;jet_parallax_layout_type&quot;:&quot;scroll&quot;,&quot;jet_parallax_layout_direction&quot;:&quot;1&quot;,&quot;jet_parallax_layout_fx_direction&quot;:null,&quot;jet_parallax_layout_z_index&quot;:&quot;&quot;,&quot;jet_parallax_layout_bg_x&quot;:50,&quot;jet_parallax_layout_bg_x_tablet&quot;:&quot;&quot;,&quot;jet_parallax_layout_bg_x_mobile&quot;:&quot;&quot;,&quot;jet_parallax_layout_bg_y&quot;:50,&quot;jet_parallax_layout_bg_y_tablet&quot;:&quot;&quot;,&quot;jet_parallax_layout_bg_y_mobile&quot;:&quot;&quot;,&quot;jet_parallax_layout_bg_size&quot;:&quot;auto&quot;,&quot;jet_parallax_layout_bg_size_tablet&quot;:&quot;&quot;,&quot;jet_parallax_layout_bg_size_mobile&quot;:&quot;&quot;,&quot;jet_parallax_layout_animation_prop&quot;:&quot;transform&quot;,&quot;jet_parallax_layout_on&quot;:[&quot;desktop&quot;,&quot;tablet&quot;]}],&quot;background_background&quot;:&quot;gradient&quot;}\">\n\t\t\t\t<div class=\"elementor-element elementor-element-1f3a2f2 elementor-widget elementor-widget-text-editor\" data-id=\"1f3a2f2\" data-element_type=\"widget\" data-e-type=\"widget\" data-widget_type=\"text-editor.default\">\n\t\t\t\t<div class=\"elementor-widget-container\">\n\t\t\t\t\t\t\t\t\t<div class=\"col-xs-12 col-md-8 col-lg-9\"><div class=\"page-content content-section\"><h3>Informatique et libert\u00e9s<\/h3><p>Vous b\u00e9n\u00e9ficiez en vertu de la loi Informatique et libert\u00e9 n\u00b0 78-17 du 6 janvier 1978, d&rsquo;un droit d&rsquo;acc\u00e8s, de modification, de rectification et de suppression des informations vous concernant.<br \/>Vous b\u00e9n\u00e9ficiez d\u2019un droit \u00e0 l\u2019oubli au terme dune ann\u00e9e civile depuis l\u2019enregistrement de ces donn\u00e9es.<br \/>Le droit d&rsquo;acc\u00e8s peut s&rsquo;exercer sur simple demande en utilisant les coordonn\u00e9es ci-dessous :<\/p><p>Le Montagnard<br \/>73440 St Martin de Belleville<br \/>T\u00e9l. +33 04 79 01 08 40<br \/><a href=\"..\/contact\" target=\"_self\">Formulaire de contact<\/a>\u00a0<\/p><div><h3>Responsable de la r\u00e9daction et de la publication<\/h3><p>Le Montagnard<br \/>73440 St Martin de Belleville<br \/>T\u00e9l. +33 04 79 01 08 40<br \/><a href=\"..\/contact\" target=\"_self\">Formulaire de contact<\/a>\u00a0<\/p><\/div><div><h3>Gestion de projet, cr\u00e9ation graphique, int\u00e9gration et h\u00e9bergement<\/h3><p>2L&rsquo;AGENCE\u00a0 <a href=\"https:\/\/www.2lagence.com\/\" target=\"_blank\" rel=\"noopener\">agence conseil en communication<\/a><br \/>241 avenue du grand verger<br \/>73000 Chamb\u00e9ry<br \/>T\u00e9l. : +33(0)4 79 72 60 70<\/p><\/div><div><p>H\u00e9bergement sur serveurs OVH.<\/p><h3>Politique de confidentialit\u00e9 \u2013 Gestion des donn\u00e9es personnelles :<\/h3><p>La consultation de ce site est possible sans que vous ayez \u00e0 r\u00e9v\u00e9ler votre identit\u00e9 ou toute autre information \u00e0 caract\u00e8re personnel vous concernant.<\/p><p>Concernant les informations \u00e0 caract\u00e8re nominatif que vous seriez amen\u00e9s \u00e0 nous communiquer et conform\u00e9ment au R\u00e8glement G\u00e9n\u00e9ral sur la Protection des Donn\u00e9es (RGPD) du 25 mai 2018, vous b\u00e9n\u00e9ficiez de :<\/p><ul><li>\u00a0Un droit d\u2019acc\u00e8s et de rectification;<\/li><li>\u00a0Un droit \u00e0 l\u2019effacement des donn\u00e9es (\u00ab droit \u00e0 l\u2019oubli \u00bb), un droit \u00e0 la limitation du traitement et un droit d\u2019opposition au traitement dans les cas pr\u00e9vus par la r\u00e9glementation en vigueur.<\/li><li>Le droit de d\u00e9finir des directives relatives au sort de ses donn\u00e9es \u00e0 caract\u00e8re personnel apr\u00e8s sa mort ;<\/li><li>Un droit \u00e0 la portabilit\u00e9 des donn\u00e9es brutes fournies \u00e0 l\u2019\u00c9diteur ;<\/li><li>Le droit d\u2019introduire une r\u00e9clamation aupr\u00e8s de l\u2019autorit\u00e9 comp\u00e9tente (notamment la CNIL en France).<\/li><\/ul><p>Ces droits peuvent \u00eatre exerc\u00e9s par courrier postal \u00e0 l\u2019adresse du si\u00e8ge social de l\u2019entreprise <strong>Le Montagnard<\/strong> 73440 St Martin de Belleville.<\/p><p>Ces droits devront \u00eatre exerc\u00e9s dans les conditions pr\u00e9vues par la r\u00e9glementation en vigueur. En particulier, il sera demand\u00e9 la copie d\u2019une pi\u00e8ce d\u2019identit\u00e9 du demandeur de fa\u00e7on \u00e0 justifier de son identit\u00e9 aupr\u00e8s de la soci\u00e9t\u00e9, pour emp\u00eacher tout acc\u00e8s non-autoris\u00e9 aux Donn\u00e9es Personnelles concern\u00e9es.<\/p><p>La collecte des informations qui vous sont demand\u00e9es est n\u00e9cessaire pour pouvoir traiter vos demandes : traitement de vos messages, relation commerciale, abonnements aux newsletters\u2026 Ces informations ne sont en aucun cas communiqu\u00e9es \u00e0 des tiers. Seul le personnel de la soci\u00e9t\u00e9\u00a0<strong>Le Montagnard<\/strong> ou les tiers de confiance de la soci\u00e9t\u00e9\u00a0<strong>Le Montagnard<\/strong> pour la gestion de ces op\u00e9rations ont acc\u00e8s aux donn\u00e9es. Ces sous-traitant sont tenus de respecter la confidentialit\u00e9 des informations et de ne les utiliser que pour l\u2019op\u00e9ration bien pr\u00e9cise pour laquelle elles doivent intervenir. La soci\u00e9t\u00e9\u00a0<strong>Le Montagnard<\/strong> prend toutes les pr\u00e9cautions utiles afin de pr\u00e9server l\u2019int\u00e9grit\u00e9 des donn\u00e9es, leur confidentialit\u00e9 et emp\u00eacher toute communication \u00e0 des tiers non autoris\u00e9s.<\/p><p>Si vous \u00eates abonn\u00e9s \u00e0 nos services d\u2019information par courrier \u00e9lectronique (\u00ab newsletter \u00bb) vous pouvez demander \u00e0 ne plus recevoir ces courriers en cliquant directement sur le lien \u00ab Se d\u00e9sabonner \u00bb situ\u00e9 en bas de l\u2019email.<\/p><p>Les bases de donn\u00e9es sont prot\u00e9g\u00e9es par les dispositions de la loi du 1er juillet 1998 transposant la directive 96\/9 du 11 mars 1996 relative \u00e0 la protection juridique des bases de donn\u00e9es.<\/p><\/div><div><h3>Conditions d&rsquo;utilisation<\/h3><p>Ce site Web est une oeuvre de l&rsquo;esprit originale. Elle b\u00e9n\u00e9ficie d&rsquo;une protection juridique en vertu de la loi fran\u00e7aise. Cette oeuvre, dans les pays autres que la France, est prot\u00e9g\u00e9e par les conventions internationales et notamment la Convention de Berne sur la protection des \u0153uvres litt\u00e9raires et artistiques.<\/p><h4>En cons\u00e9quence sont autoris\u00e9es :<\/h4><p>\u00bb La reproduction \u00e0 titre priv\u00e9,<br \/>\u00bb L&rsquo;utilisation publique et la cr\u00e9ation d&rsquo;un lien hypertexte sans frame, sous r\u00e9serve de l&rsquo;acceptation pr\u00e9alable de Le Montagnard<\/p><h3>Cookies<\/h3><p>Lors de la navigation dans certains endroits du site, des cookies peuvent \u00eatre import\u00e9s sur votre ordinateur.<br \/>Ceux-ci ne permettent pas de vous identifier, mais ils enregistrent des informations relatives \u00e0 la navigation que le programme pourra lire lors de vos visites ult\u00e9rieures. Vous pouvez vous opposer \u00e0 l\u2019enregistrement de cookies en configurant votre navigateur internet. Dans Internet Explorer, dans le menu Outils, cliquez sur Options Internet.<br \/>Sous l\u2019onglet Confidentialit\u00e9, d\u00e9placez le curseur vers le haut pour augmenter le niveau de confidentialit\u00e9.<br \/>Dans Chrome, Mozilla et Firebird : bloquer les cookies dans les options.<\/p><h3>Cr\u00e9dit photos<\/h3><ul><li>Restaurant Le Montagnard<\/li><li>Office de tourisme de Saint Martin-de-Belleville<\/li><\/ul><\/div><div><h3>CNIL<\/h3><p>N\u00b0 d&rsquo;enregistrement CNIL : 1859381<\/p><\/div><\/div><\/div>\t\t\t\t\t\t\t\t<\/div>\n\t\t\t\t<\/div>\n\t\t\t\t<\/div>\n\t\t\t\t<\/div>\n\t\t","protected":false},"excerpt":{"rendered":"<p>Mentions l\u00e9gales Pour nous contacter :\u2022 Compl\u00e9tez le formulaire de contact\u2022 Ou appelez-nous au 04 79 01 08 40 Adresse : Les Places73440 Saint Martin de Belleville Informatique et libert\u00e9s Vous b\u00e9n\u00e9ficiez en vertu de la loi Informatique et libert\u00e9 n\u00b0 78-17 du 6 janvier 1978, d&rsquo;un droit d&rsquo;acc\u00e8s, de modification, de rectification et de [&hellip;]<\/p>\n","protected":false},"author":1,"featured_media":0,"parent":0,"menu_order":0,"comment_status":"closed","ping_status":"closed","template":"elementor_header_footer","meta":{"footnotes":""},"class_list":["post-962","page","type-page","status-publish","hentry"],"yoast_head":"<!-- This site is optimized with the Yoast SEO plugin v27.5 - https:\/\/yoast.com\/product\/yoast-seo-wordpress\/ -->\n<title>Mentions l\u00e9gales - restaurant Le Montagnard \u00e0 St Martin de Belleville<\/title>\n<meta name=\"description\" content=\"Mentions l\u00e9gales du site internet du restaurant Le Montagnard, r\u00e9alis\u00e9 par 2l&#039;agence\" \/>\n<meta name=\"robots\" content=\"index, follow, max-snippet:-1, max-image-preview:large, max-video-preview:-1\" \/>\n<link rel=\"canonical\" href=\"https:\/\/www.le-montagnard.com\/en\/mentions-legales\/\" \/>\n<meta property=\"og:locale\" content=\"en_GB\" \/>\n<meta property=\"og:type\" content=\"article\" \/>\n<meta property=\"og:title\" content=\"Mentions l\u00e9gales - restaurant Le Montagnard \u00e0 St Martin de Belleville\" \/>\n<meta property=\"og:description\" content=\"Mentions l\u00e9gales du site internet du restaurant Le Montagnard, r\u00e9alis\u00e9 par 2l&#039;agence\" \/>\n<meta property=\"og:url\" content=\"https:\/\/www.le-montagnard.com\/en\/mentions-legales\/\" \/>\n<meta property=\"og:site_name\" content=\"Le Montagnard\" \/>\n<meta property=\"article:modified_time\" content=\"2026-03-10T09:41:31+00:00\" \/>\n<meta name=\"twitter:card\" content=\"summary_large_image\" \/>\n<meta name=\"twitter:label1\" content=\"Estimated reading time\" \/>\n\t<meta name=\"twitter:data1\" content=\"4 minutes\" \/>\n<script type=\"application\/ld+json\" class=\"yoast-schema-graph\">{\"@context\":\"https:\\\/\\\/schema.org\",\"@graph\":[{\"@type\":\"WebPage\",\"@id\":\"https:\\\/\\\/www.le-montagnard.com\\\/mentions-legales\\\/\",\"url\":\"https:\\\/\\\/www.le-montagnard.com\\\/mentions-legales\\\/\",\"name\":\"Mentions l\u00e9gales - restaurant Le Montagnard \u00e0 St Martin de Belleville\",\"isPartOf\":{\"@id\":\"https:\\\/\\\/www.le-montagnard.com\\\/#website\"},\"primaryImageOfPage\":{\"@id\":\"https:\\\/\\\/www.le-montagnard.com\\\/mentions-legales\\\/#primaryimage\"},\"image\":{\"@id\":\"https:\\\/\\\/www.le-montagnard.com\\\/mentions-legales\\\/#primaryimage\"},\"thumbnailUrl\":\"https:\\\/\\\/www.le-montagnard.com\\\/wp-content\\\/uploads\\\/2020\\\/11\\\/Fichier-1.svg\",\"datePublished\":\"2020-12-16T11:17:49+00:00\",\"dateModified\":\"2026-03-10T09:41:31+00:00\",\"description\":\"Mentions l\u00e9gales du site internet du restaurant Le Montagnard, r\u00e9alis\u00e9 par 2l'agence\",\"breadcrumb\":{\"@id\":\"https:\\\/\\\/www.le-montagnard.com\\\/mentions-legales\\\/#breadcrumb\"},\"inLanguage\":\"en-GB\",\"potentialAction\":[{\"@type\":\"ReadAction\",\"target\":[\"https:\\\/\\\/www.le-montagnard.com\\\/mentions-legales\\\/\"]}]},{\"@type\":\"ImageObject\",\"inLanguage\":\"en-GB\",\"@id\":\"https:\\\/\\\/www.le-montagnard.com\\\/mentions-legales\\\/#primaryimage\",\"url\":\"https:\\\/\\\/www.le-montagnard.com\\\/wp-content\\\/uploads\\\/2020\\\/11\\\/Fichier-1.svg\",\"contentUrl\":\"https:\\\/\\\/www.le-montagnard.com\\\/wp-content\\\/uploads\\\/2020\\\/11\\\/Fichier-1.svg\"},{\"@type\":\"BreadcrumbList\",\"@id\":\"https:\\\/\\\/www.le-montagnard.com\\\/mentions-legales\\\/#breadcrumb\",\"itemListElement\":[{\"@type\":\"ListItem\",\"position\":1,\"name\":\"Accueil\",\"item\":\"https:\\\/\\\/www.le-montagnard.com\\\/\"},{\"@type\":\"ListItem\",\"position\":2,\"name\":\"Mentions l\u00e9gales\"}]},{\"@type\":\"WebSite\",\"@id\":\"https:\\\/\\\/www.le-montagnard.com\\\/#website\",\"url\":\"https:\\\/\\\/www.le-montagnard.com\\\/\",\"name\":\"Le Montagnard\",\"description\":\"Restaurant - Saint Martin de Belleville\",\"potentialAction\":[{\"@type\":\"SearchAction\",\"target\":{\"@type\":\"EntryPoint\",\"urlTemplate\":\"https:\\\/\\\/www.le-montagnard.com\\\/?s={search_term_string}\"},\"query-input\":{\"@type\":\"PropertyValueSpecification\",\"valueRequired\":true,\"valueName\":\"search_term_string\"}}],\"inLanguage\":\"en-GB\"}]}<\/script>\n<!-- \/ Yoast SEO plugin. -->","yoast_head_json":{"title":"Mentions l\u00e9gales - restaurant Le Montagnard \u00e0 St Martin de Belleville","description":"Mentions l\u00e9gales du site internet du restaurant Le Montagnard, r\u00e9alis\u00e9 par 2l'agence","robots":{"index":"index","follow":"follow","max-snippet":"max-snippet:-1","max-image-preview":"max-image-preview:large","max-video-preview":"max-video-preview:-1"},"canonical":"https:\/\/www.le-montagnard.com\/en\/mentions-legales\/","og_locale":"en_GB","og_type":"article","og_title":"Mentions l\u00e9gales - restaurant Le Montagnard \u00e0 St Martin de Belleville","og_description":"Mentions l\u00e9gales du site internet du restaurant Le Montagnard, r\u00e9alis\u00e9 par 2l'agence","og_url":"https:\/\/www.le-montagnard.com\/en\/mentions-legales\/","og_site_name":"Le Montagnard","article_modified_time":"2026-03-10T09:41:31+00:00","twitter_card":"summary_large_image","twitter_misc":{"Estimated reading time":"4 minutes"},"schema":{"@context":"https:\/\/schema.org","@graph":[{"@type":"WebPage","@id":"https:\/\/www.le-montagnard.com\/mentions-legales\/","url":"https:\/\/www.le-montagnard.com\/mentions-legales\/","name":"Mentions l\u00e9gales - restaurant Le Montagnard \u00e0 St Martin de Belleville","isPartOf":{"@id":"https:\/\/www.le-montagnard.com\/#website"},"primaryImageOfPage":{"@id":"https:\/\/www.le-montagnard.com\/mentions-legales\/#primaryimage"},"image":{"@id":"https:\/\/www.le-montagnard.com\/mentions-legales\/#primaryimage"},"thumbnailUrl":"https:\/\/www.le-montagnard.com\/wp-content\/uploads\/2020\/11\/Fichier-1.svg","datePublished":"2020-12-16T11:17:49+00:00","dateModified":"2026-03-10T09:41:31+00:00","description":"Mentions l\u00e9gales du site internet du restaurant Le Montagnard, r\u00e9alis\u00e9 par 2l'agence","breadcrumb":{"@id":"https:\/\/www.le-montagnard.com\/mentions-legales\/#breadcrumb"},"inLanguage":"en-GB","potentialAction":[{"@type":"ReadAction","target":["https:\/\/www.le-montagnard.com\/mentions-legales\/"]}]},{"@type":"ImageObject","inLanguage":"en-GB","@id":"https:\/\/www.le-montagnard.com\/mentions-legales\/#primaryimage","url":"https:\/\/www.le-montagnard.com\/wp-content\/uploads\/2020\/11\/Fichier-1.svg","contentUrl":"https:\/\/www.le-montagnard.com\/wp-content\/uploads\/2020\/11\/Fichier-1.svg"},{"@type":"BreadcrumbList","@id":"https:\/\/www.le-montagnard.com\/mentions-legales\/#breadcrumb","itemListElement":[{"@type":"ListItem","position":1,"name":"Accueil","item":"https:\/\/www.le-montagnard.com\/"},{"@type":"ListItem","position":2,"name":"Mentions l\u00e9gales"}]},{"@type":"WebSite","@id":"https:\/\/www.le-montagnard.com\/#website","url":"https:\/\/www.le-montagnard.com\/","name":"Le Montagnard restaurant","description":"Restaurant - Saint Martin de Belleville","potentialAction":[{"@type":"SearchAction","target":{"@type":"EntryPoint","urlTemplate":"https:\/\/www.le-montagnard.com\/?s={search_term_string}"},"query-input":{"@type":"PropertyValueSpecification","valueRequired":true,"valueName":"search_term_string"}}],"inLanguage":"en-GB"}]}},"_links":{"self":[{"href":"https:\/\/www.le-montagnard.com\/en\/wp-json\/wp\/v2\/pages\/962","targetHints":{"allow":["GET"]}}],"collection":[{"href":"https:\/\/www.le-montagnard.com\/en\/wp-json\/wp\/v2\/pages"}],"about":[{"href":"https:\/\/www.le-montagnard.com\/en\/wp-json\/wp\/v2\/types\/page"}],"author":[{"embeddable":true,"href":"https:\/\/www.le-montagnard.com\/en\/wp-json\/wp\/v2\/users\/1"}],"replies":[{"embeddable":true,"href":"https:\/\/www.le-montagnard.com\/en\/wp-json\/wp\/v2\/comments?post=962"}],"version-history":[{"count":6,"href":"https:\/\/www.le-montagnard.com\/en\/wp-json\/wp\/v2\/pages\/962\/revisions"}],"predecessor-version":[{"id":27620,"href":"https:\/\/www.le-montagnard.com\/en\/wp-json\/wp\/v2\/pages\/962\/revisions\/27620"}],"wp:attachment":[{"href":"https:\/\/www.le-montagnard.com\/en\/wp-json\/wp\/v2\/media?parent=962"}],"curies":[{"name":"wp","href":"https:\/\/api.w.org\/{rel}","templated":true}]}}