{"id":2829,"date":"2021-12-10T14:29:27","date_gmt":"2021-12-10T13:29:27","guid":{"rendered":"https:\/\/dw6hlybnqwx.preview.infomaniak.website\/?page_id=2829"},"modified":"2026-08-17T21:10:01","modified_gmt":"2026-08-17T19:10:01","slug":"blog","status":"publish","type":"page","link":"https:\/\/www.le-montagnard.com\/en\/blog\/","title":{"rendered":"News"},"content":{"rendered":"\t\t<div data-elementor-type=\"wp-page\" data-elementor-id=\"2829\" class=\"elementor elementor-2829\" data-elementor-post-type=\"page\">\n\t\t\t\t<div class=\"elementor-element elementor-element-56ef015 e-con-full e-flex e-con e-parent\" data-id=\"56ef015\" data-element_type=\"container\" data-e-type=\"container\" data-settings=\"{&quot;jet_parallax_layout_list&quot;:[{&quot;jet_parallax_layout_image&quot;:{&quot;url&quot;:&quot;&quot;,&quot;id&quot;:&quot;&quot;,&quot;size&quot;:&quot;&quot;},&quot;_id&quot;:&quot;624c18a&quot;,&quot;jet_parallax_layout_image_tablet&quot;:{&quot;url&quot;:&quot;&quot;,&quot;id&quot;:&quot;&quot;,&quot;size&quot;:&quot;&quot;},&quot;jet_parallax_layout_image_mobile&quot;:{&quot;url&quot;:&quot;&quot;,&quot;id&quot;:&quot;&quot;,&quot;size&quot;:&quot;&quot;},&quot;jet_parallax_layout_speed&quot;:{&quot;unit&quot;:&quot;%&quot;,&quot;size&quot;:50,&quot;sizes&quot;:[]},&quot;jet_parallax_layout_type&quot;:&quot;scroll&quot;,&quot;jet_parallax_layout_direction&quot;:&quot;1&quot;,&quot;jet_parallax_layout_fx_direction&quot;:null,&quot;jet_parallax_layout_z_index&quot;:&quot;&quot;,&quot;jet_parallax_layout_bg_x&quot;:50,&quot;jet_parallax_layout_bg_x_tablet&quot;:&quot;&quot;,&quot;jet_parallax_layout_bg_x_mobile&quot;:&quot;&quot;,&quot;jet_parallax_layout_bg_y&quot;:50,&quot;jet_parallax_layout_bg_y_tablet&quot;:&quot;&quot;,&quot;jet_parallax_layout_bg_y_mobile&quot;:&quot;&quot;,&quot;jet_parallax_layout_bg_size&quot;:&quot;auto&quot;,&quot;jet_parallax_layout_bg_size_tablet&quot;:&quot;&quot;,&quot;jet_parallax_layout_bg_size_mobile&quot;:&quot;&quot;,&quot;jet_parallax_layout_animation_prop&quot;:&quot;transform&quot;,&quot;jet_parallax_layout_on&quot;:[&quot;desktop&quot;,&quot;tablet&quot;]}],&quot;background_background&quot;:&quot;gradient&quot;}\">\n\t\t<div class=\"elementor-element elementor-element-59c3ca1 e-con-full e-flex e-con e-child\" data-id=\"59c3ca1\" data-element_type=\"container\" data-e-type=\"container\" data-settings=\"{&quot;background_background&quot;:&quot;classic&quot;,&quot;jet_parallax_layout_list&quot;:[]}\">\n\t\t<div class=\"elementor-element elementor-element-9e318c4 e-con-full e-flex e-con e-child\" data-id=\"9e318c4\" data-element_type=\"container\" data-e-type=\"container\" data-settings=\"{&quot;background_background&quot;:&quot;classic&quot;,&quot;jet_parallax_layout_list&quot;:[]}\">\n\t\t\t\t<\/div>\n\t\t\t\t<\/div>\n\t\t<div class=\"elementor-element elementor-element-38514ee e-con-full e-flex e-con e-child\" data-id=\"38514ee\" data-element_type=\"container\" data-e-type=\"container\" data-settings=\"{&quot;background_background&quot;:&quot;classic&quot;,&quot;jet_parallax_layout_list&quot;:[]}\">\n\t\t<div class=\"elementor-element elementor-element-f308273 e-con-full e-flex e-con e-child\" data-id=\"f308273\" data-element_type=\"container\" data-e-type=\"container\" data-settings=\"{&quot;jet_parallax_layout_list&quot;:[]}\">\n\t\t\t\t<div class=\"elementor-element elementor-element-e9ae7e8 elementor-widget elementor-widget-heading\" data-id=\"e9ae7e8\" data-element_type=\"widget\" data-e-type=\"widget\" data-widget_type=\"heading.default\">\n\t\t\t\t<div class=\"elementor-widget-container\">\n\t\t\t\t\t<h1 class=\"elementor-heading-title elementor-size-default\">Les actualit\u00e9s du Montagnard \u00e0 Saint-Martin-de-Belleville<\/h1>\t\t\t\t<\/div>\n\t\t\t\t<\/div>\n\t\t\t\t<div class=\"elementor-element elementor-element-23efa4b elementor-widget elementor-widget-text-editor\" data-id=\"23efa4b\" data-element_type=\"widget\" data-e-type=\"widget\" data-widget_type=\"text-editor.default\">\n\t\t\t\t<div class=\"elementor-widget-container\">\n\t\t\t\t\t\t\t\t\t<p>Retrouvez toute l&rsquo;actualit\u00e9 du restaurant <strong>Le Montagnard<\/strong>, les nouveaut\u00e9s culinaires, la vie de l&rsquo;\u00e9quipe, nos fournisseurs, les acteurs des Belleville, et les derniers articles de presse qui parlent de nous.<\/p><p>Vous trouverez \u00e9galement toutes les news sur le village de Saint Martin de Belleville, et les 3 Vall\u00e9es, toutes ces nouveaut\u00e9s qui pourraient vous titiller autant les papilles que les m\u00e9ninges !<\/p><p>N&rsquo;h\u00e9sitez pas aussi \u00e0 nous suivre les sur les r\u00e9seaux sociaux ! Nous pourrons \u00e9changer, re-poster, liker !<\/p>\t\t\t\t\t\t\t\t<\/div>\n\t\t\t\t<\/div>\n\t\t\t\t<div class=\"elementor-element elementor-element-f5ad526 elementor-widget elementor-widget-image\" data-id=\"f5ad526\" data-element_type=\"widget\" data-e-type=\"widget\" data-widget_type=\"image.default\">\n\t\t\t\t<div class=\"elementor-widget-container\">\n\t\t\t\t\t\t\t\t\t\t\t\t\t\t\t<img decoding=\"async\" width=\"118\" height=\"18\" src=\"https:\/\/www.le-montagnard.com\/wp-content\/uploads\/2020\/11\/Fichier-1.svg\" class=\"attachment-large size-large wp-image-367\" alt=\"\" \/>\t\t\t\t\t\t\t\t\t\t\t\t\t\t\t<\/div>\n\t\t\t\t<\/div>\n\t\t\t\t<\/div>\n\t\t\t\t<\/div>\n\t\t\t\t<\/div>\n\t\t<div class=\"elementor-element elementor-element-d08e406 e-con-full e-flex e-con e-parent\" data-id=\"d08e406\" data-element_type=\"container\" data-e-type=\"container\" id=\"down\" data-settings=\"{&quot;jet_parallax_layout_list&quot;:[{&quot;jet_parallax_layout_image&quot;:{&quot;url&quot;:&quot;&quot;,&quot;id&quot;:&quot;&quot;,&quot;size&quot;:&quot;&quot;},&quot;_id&quot;:&quot;e260572&quot;,&quot;jet_parallax_layout_image_tablet&quot;:{&quot;url&quot;:&quot;&quot;,&quot;id&quot;:&quot;&quot;,&quot;size&quot;:&quot;&quot;},&quot;jet_parallax_layout_image_mobile&quot;:{&quot;url&quot;:&quot;&quot;,&quot;id&quot;:&quot;&quot;,&quot;size&quot;:&quot;&quot;},&quot;jet_parallax_layout_speed&quot;:{&quot;unit&quot;:&quot;%&quot;,&quot;size&quot;:50,&quot;sizes&quot;:[]},&quot;jet_parallax_layout_type&quot;:&quot;scroll&quot;,&quot;jet_parallax_layout_direction&quot;:&quot;1&quot;,&quot;jet_parallax_layout_fx_direction&quot;:null,&quot;jet_parallax_layout_z_index&quot;:&quot;&quot;,&quot;jet_parallax_layout_bg_x&quot;:50,&quot;jet_parallax_layout_bg_x_tablet&quot;:&quot;&quot;,&quot;jet_parallax_layout_bg_x_mobile&quot;:&quot;&quot;,&quot;jet_parallax_layout_bg_y&quot;:50,&quot;jet_parallax_layout_bg_y_tablet&quot;:&quot;&quot;,&quot;jet_parallax_layout_bg_y_mobile&quot;:&quot;&quot;,&quot;jet_parallax_layout_bg_size&quot;:&quot;auto&quot;,&quot;jet_parallax_layout_bg_size_tablet&quot;:&quot;&quot;,&quot;jet_parallax_layout_bg_size_mobile&quot;:&quot;&quot;,&quot;jet_parallax_layout_animation_prop&quot;:&quot;transform&quot;,&quot;jet_parallax_layout_on&quot;:[&quot;desktop&quot;,&quot;tablet&quot;]}],&quot;background_background&quot;:&quot;classic&quot;}\">\n\t\t\t\t<div class=\"elementor-element elementor-element-f227444 elementor-widget elementor-widget-jet-blog-smart-listing\" data-id=\"f227444\" data-element_type=\"widget\" data-e-type=\"widget\" data-widget_type=\"jet-blog-smart-listing.default\">\n\t\t\t\t<div class=\"elementor-widget-container\">\n\t\t\t\t\t<div class=\"elementor-jet-blog-smart-listing jet-blog\"><div class=\"jet-smart-listing-wrap\" data-settings='{&quot;block_title&quot;:&quot;&quot;,&quot;title_tag&quot;:&quot;h3&quot;,&quot;featured_post&quot;:&quot;&quot;,&quot;featured_position&quot;:null,&quot;featured_width&quot;:null,&quot;featured_layout&quot;:null,&quot;featured_image_size&quot;:null,&quot;featured_image_position&quot;:null,&quot;featured_image_width&quot;:null,&quot;featured_excerpt_length&quot;:null,&quot;featured_excerpt_trimmed_ending&quot;:null,&quot;featured_read_more&quot;:null,&quot;featured_read_more_text&quot;:null,&quot;featured_show_meta&quot;:null,&quot;featured_show_author&quot;:null,&quot;featured_show_author_avatar&quot;:null,&quot;featured_show_author_from&quot;:null,&quot;featured_avatar_custom_field&quot;:null,&quot;featured_avatar_size&quot;:null,&quot;featured_show_author_icon&quot;:null,&quot;selected_featured_show_author_icon&quot;:null,&quot;featured_show_date&quot;:null,&quot;featured_show_date_icon&quot;:null,&quot;selected_featured_show_date_icon&quot;:null,&quot;featured_show_comments&quot;:null,&quot;featured_show_comments_icon&quot;:null,&quot;selected_featured_show_comments_icon&quot;:null,&quot;posts_columns_widescreen&quot;:null,&quot;posts_columns&quot;:&quot;2&quot;,&quot;posts_columns_laptop&quot;:null,&quot;posts_columns_tablet_extra&quot;:null,&quot;posts_columns_tablet&quot;:&quot;&quot;,&quot;posts_columns_mobile_extra&quot;:null,&quot;posts_columns_mobile&quot;:&quot;1&quot;,&quot;posts_rows_widescreen&quot;:null,&quot;posts_rows&quot;:&quot;6&quot;,&quot;posts_rows_laptop&quot;:null,&quot;posts_rows_tablet_extra&quot;:null,&quot;posts_rows_tablet&quot;:&quot;&quot;,&quot;posts_rows_mobile_extra&quot;:null,&quot;posts_rows_mobile&quot;:&quot;&quot;,&quot;image_size&quot;:&quot;full&quot;,&quot;image_position&quot;:&quot;left&quot;,&quot;image_width&quot;:{&quot;unit&quot;:&quot;%&quot;,&quot;size&quot;:50,&quot;sizes&quot;:[]},&quot;excerpt_length&quot;:19,&quot;excerpt_trimmed_ending&quot;:&quot;...&quot;,&quot;read_more&quot;:&quot;yes&quot;,&quot;read_more_text&quot;:&quot;Lire&quot;,&quot;show_meta&quot;:&quot;yes&quot;,&quot;show_author&quot;:&quot;&quot;,&quot;show_author_avatar&quot;:null,&quot;get_avatar_from&quot;:null,&quot;avatar_custom_field&quot;:null,&quot;avatar_size&quot;:null,&quot;show_author_icon&quot;:null,&quot;selected_show_author_icon&quot;:null,&quot;show_date&quot;:&quot;&quot;,&quot;show_date_icon&quot;:null,&quot;selected_show_date_icon&quot;:null,&quot;show_comments&quot;:&quot;&quot;,&quot;show_comments_icon&quot;:null,&quot;selected_show_comments_icon&quot;:null,&quot;query_by&quot;:&quot;category&quot;,&quot;category_ids&quot;:&quot;&quot;,&quot;post_tag_ids&quot;:null,&quot;include_ids&quot;:null,&quot;exclude_ids&quot;:&quot;%current_id%&quot;,&quot;custom_query_by&quot;:&quot;all&quot;,&quot;custom_terms_ids&quot;:null,&quot;meta_query&quot;:&quot;&quot;,&quot;meta_key&quot;:null,&quot;meta_value&quot;:null,&quot;show_filter&quot;:&quot;yes&quot;,&quot;filter_by&quot;:&quot;category&quot;,&quot;show_all_btn&quot;:&quot;yes&quot;,&quot;all_btn_label&quot;:&quot;Tout voir&quot;,&quot;more_terms_icon&quot;:null,&quot;selected_more_terms_icon&quot;:null,&quot;show_arrows&quot;:&quot;yes&quot;,&quot;arrow_type&quot;:&quot;fa fa-angle-left&quot;,&quot;show_featured_terms&quot;:null,&quot;show_featured_terms_tax&quot;:null,&quot;show_featured_terms_num&quot;:null,&quot;show_terms&quot;:&quot;yes&quot;,&quot;show_terms_tax&quot;:&quot;category&quot;,&quot;show_terms_num&quot;:&quot;1&quot;,&quot;featured_meta_position&quot;:null,&quot;meta_position&quot;:&quot;after&quot;,&quot;show_image&quot;:&quot;yes&quot;,&quot;post_type&quot;:[&quot;post&quot;],&quot;post_ids&quot;:null,&quot;content_related_meta&quot;:null,&quot;show_content_related_meta&quot;:&quot;&quot;,&quot;meta_content_related_position&quot;:null,&quot;title_related_meta&quot;:null,&quot;show_title_related_meta&quot;:&quot;&quot;,&quot;meta_title_related_position&quot;:null,&quot;featured_title_length&quot;:null,&quot;title_length&quot;:0,&quot;add_button_icon&quot;:&quot;&quot;,&quot;button_icon&quot;:null,&quot;selected_button_icon&quot;:null,&quot;post_add_button_icon&quot;:&quot;&quot;,&quot;post_button_icon&quot;:null,&quot;selected_post_button_icon&quot;:null,&quot;use_custom_query&quot;:&quot;&quot;,&quot;custom_query&quot;:null,&quot;posts_offset&quot;:0,&quot;order&quot;:&quot;DESC&quot;,&quot;order_by&quot;:&quot;date&quot;,&quot;is_archive_template&quot;:&quot;&quot;,&quot;query_builder_id&quot;:null,&quot;signature&quot;:&quot;d21aeb7a87ed13822765280415c82696b90574e0e0e43a30692e3a2aace5c2f8&quot;}' data-page=\"1\" data-term=\"0\" data-scroll-top=1>\n\t<div class=\"jet-smart-listing__heading\"><span class=\"jet-smart-listing__title-placeholder\"><\/span><div class=\"jet-smart-listing__filter\" data-more=\"{&quot;icon&quot;:null,&quot;className&quot;:&quot;jet-smart-listing__filter-item jet-smart-listing__filter-more jet-blog-icon&quot;}\" data-rollup=\"\"><div class=\"jet-smart-listing__filter-item\"><a href=\"#\" data-term=\"0\">Tout voir<\/a><\/div><div class=\"jet-smart-listing__filter-item\"><a href=\"#\" data-term=\"51\">Dans la presse<\/a><\/div><div class=\"jet-smart-listing__filter-item\"><a href=\"#\" data-term=\"74\">La terrasse<\/a><\/div><div class=\"jet-smart-listing__filter-item\"><a href=\"#\" data-term=\"48\">Les 3 Vall\u00e9es<\/a><\/div><div class=\"jet-smart-listing__filter-item\"><a href=\"#\" data-term=\"93\">Les \u00e9v\u00e8nements et animations<\/a><\/div><div class=\"jet-smart-listing__filter-item\"><a href=\"#\" data-term=\"81\">Nos fournisseurs<\/a><\/div><div class=\"jet-smart-listing__filter-item\"><a href=\"#\" data-term=\"1\">Nouveaux plats<\/a><\/div><\/div><\/div>\n\t<div class=\"jet-smart-listing rows-6 no-featured\"><div class=\"jet-smart-listing__posts\">\n\t\t\t\t<div class=\"jet-smart-listing__post-wrapper\">\n\t\t\t\t<div class=\"jet-smart-listing__post has-post-thumb\">\n\t\t\t\t\t<div class=\"jet-smart-listing__terms\"><a href=\"https:\/\/www.le-montagnard.com\/en\/category\/animations\/\" class=\"jet-smart-listing__terms-link jet-smart-listing__terms-link--93\">Les \u00e9v\u00e8nements et animations<\/a><\/div>\t\t\t\t\t<div class=\"jet-smart-listing__post-thumbnail post-thumbnail-simple\"><a href=\"https:\/\/www.le-montagnard.com\/en\/midis-melodie-sunny-side-up-duo-le-montagnard\/\"><img fetchpriority=\"high\" decoding=\"async\" width=\"739\" height=\"1600\" src=\"https:\/\/www.le-montagnard.com\/wp-content\/uploads\/2026\/08\/PHOTO-2026-08-14-16-10-12.jpg\" class=\"jet-smart-listing__post-thumbnail-img post-thumbnail-img-simple wp-post-image\" alt=\"Les Midis M\u00e9lodie au Montagnard\" srcset=\"https:\/\/www.le-montagnard.com\/wp-content\/uploads\/2026\/08\/PHOTO-2026-08-14-16-10-12.jpg 739w, https:\/\/www.le-montagnard.com\/wp-content\/uploads\/2026\/08\/PHOTO-2026-08-14-16-10-12-139x300.jpg 139w, https:\/\/www.le-montagnard.com\/wp-content\/uploads\/2026\/08\/PHOTO-2026-08-14-16-10-12-473x1024.jpg 473w, https:\/\/www.le-montagnard.com\/wp-content\/uploads\/2026\/08\/PHOTO-2026-08-14-16-10-12-709x1536.jpg 709w, https:\/\/www.le-montagnard.com\/wp-content\/uploads\/2026\/08\/PHOTO-2026-08-14-16-10-12-6x12.jpg 6w\" sizes=\"(max-width: 739px) 100vw, 739px\" \/><\/a><\/div>\t\t\t\t\t<div class=\"jet-smart-listing__post-content\"><div class=\"jet-smart-listing__post-title post-title-simple\"><a href=\"https:\/\/www.le-montagnard.com\/en\/midis-melodie-sunny-side-up-duo-le-montagnard\/\">Les Midis M\u00e9lodie au Montagnard<\/a><\/div><div class=\"jet-smart-listing__meta\"><\/div><div class=\"jet-smart-listing__post-excerpt post-excerpt-simple\">Concerts Live &amp; D\u00e9jeuner en Terrasse \u00e0 Saint-Martin-de-Belleville En cette deuxi\u00e8me partie du mois d'ao\u00fbt, combinez plaisir des papilles...<\/div><div class=\"jet-smart-listing__more-wrap\"><a href=\"https:\/\/www.le-montagnard.com\/en\/midis-melodie-sunny-side-up-duo-le-montagnard\/\" class=\"jet-smart-listing__more simple-more elementor-button elementor-size-md\"><span class=\"jet-smart-listing__more-text\">Lire<\/span><\/a><\/div><\/div>\n\t\t\t\t<\/div>\n\t\t\t<\/div>\n\t\t\t\t\t\t<div class=\"jet-smart-listing__post-wrapper\">\n\t\t\t\t<div class=\"jet-smart-listing__post has-post-thumb\">\n\t\t\t\t\t<div class=\"jet-smart-listing__terms\"><a href=\"https:\/\/www.le-montagnard.com\/en\/category\/nos-fournisseurs\/\" class=\"jet-smart-listing__terms-link jet-smart-listing__terms-link--81\">Nos fournisseurs<\/a><\/div>\t\t\t\t\t<div class=\"jet-smart-listing__post-thumbnail post-thumbnail-simple\"><a href=\"https:\/\/www.le-montagnard.com\/en\/produits-chez-pepe-nicolas-au-montagnard\/\"><img decoding=\"async\" width=\"2560\" height=\"1707\" src=\"https:\/\/www.le-montagnard.com\/wp-content\/uploads\/2026\/07\/240806_PepeNicolas_ActivitesCo-L.Brochot-99-1-scaled.jpg\" class=\"jet-smart-listing__post-thumbnail-img post-thumbnail-img-simple wp-post-image\" alt=\"Du jardin \u00e0 l\u2019alpage : les produits de Chez P\u00e9p\u00e9 Nicolas au Montagnard\" srcset=\"https:\/\/www.le-montagnard.com\/wp-content\/uploads\/2026\/07\/240806_PepeNicolas_ActivitesCo-L.Brochot-99-1-scaled.jpg 2560w, https:\/\/www.le-montagnard.com\/wp-content\/uploads\/2026\/07\/240806_PepeNicolas_ActivitesCo-L.Brochot-99-1-300x200.jpg 300w, https:\/\/www.le-montagnard.com\/wp-content\/uploads\/2026\/07\/240806_PepeNicolas_ActivitesCo-L.Brochot-99-1-1024x683.jpg 1024w, https:\/\/www.le-montagnard.com\/wp-content\/uploads\/2026\/07\/240806_PepeNicolas_ActivitesCo-L.Brochot-99-1-768x512.jpg 768w, https:\/\/www.le-montagnard.com\/wp-content\/uploads\/2026\/07\/240806_PepeNicolas_ActivitesCo-L.Brochot-99-1-1536x1024.jpg 1536w, https:\/\/www.le-montagnard.com\/wp-content\/uploads\/2026\/07\/240806_PepeNicolas_ActivitesCo-L.Brochot-99-1-2048x1365.jpg 2048w, https:\/\/www.le-montagnard.com\/wp-content\/uploads\/2026\/07\/240806_PepeNicolas_ActivitesCo-L.Brochot-99-1-18x12.jpg 18w\" sizes=\"(max-width: 2560px) 100vw, 2560px\" \/><\/a><\/div>\t\t\t\t\t<div class=\"jet-smart-listing__post-content\"><div class=\"jet-smart-listing__post-title post-title-simple\"><a href=\"https:\/\/www.le-montagnard.com\/en\/produits-chez-pepe-nicolas-au-montagnard\/\">Du jardin \u00e0 l\u2019alpage : les produits de Chez P\u00e9p\u00e9 Nicolas au Montagnard<\/a><\/div><div class=\"jet-smart-listing__meta\"><\/div><div class=\"jet-smart-listing__post-excerpt post-excerpt-simple\">\u00c0 quelques kilom\u00e8tres seulement l\u2019un de l\u2019autre, Le Montagnard \u00e0 Saint-Martin-de-Belleville et Chez P\u00e9p\u00e9 Nicolas \u00e0 2000 m\u00e8tres d\u2019altitude...<\/div><div class=\"jet-smart-listing__more-wrap\"><a href=\"https:\/\/www.le-montagnard.com\/en\/produits-chez-pepe-nicolas-au-montagnard\/\" class=\"jet-smart-listing__more simple-more elementor-button elementor-size-md\"><span class=\"jet-smart-listing__more-text\">Lire<\/span><\/a><\/div><\/div>\n\t\t\t\t<\/div>\n\t\t\t<\/div>\n\t\t\t\t\t\t<div class=\"jet-smart-listing__post-wrapper\">\n\t\t\t\t<div class=\"jet-smart-listing__post has-post-thumb\">\n\t\t\t\t\t<div class=\"jet-smart-listing__terms\"><a href=\"https:\/\/www.le-montagnard.com\/en\/category\/animations\/\" class=\"jet-smart-listing__terms-link jet-smart-listing__terms-link--93\">Les \u00e9v\u00e8nements et animations<\/a><\/div>\t\t\t\t\t<div class=\"jet-smart-listing__post-thumbnail post-thumbnail-simple\"><a href=\"https:\/\/www.le-montagnard.com\/en\/nuit-des-etoiles-le-montagnard-saint-martin-de-belleville\/\"><img loading=\"lazy\" decoding=\"async\" width=\"739\" height=\"1600\" src=\"https:\/\/www.le-montagnard.com\/wp-content\/uploads\/2026\/07\/2dd732ee-ba09-4158-9a2b-8ca505eef69a.jpg\" class=\"jet-smart-listing__post-thumbnail-img post-thumbnail-img-simple wp-post-image\" alt=\"La Nuit des \u00c9toiles au Montagnard\" srcset=\"https:\/\/www.le-montagnard.com\/wp-content\/uploads\/2026\/07\/2dd732ee-ba09-4158-9a2b-8ca505eef69a.jpg 739w, https:\/\/www.le-montagnard.com\/wp-content\/uploads\/2026\/07\/2dd732ee-ba09-4158-9a2b-8ca505eef69a-139x300.jpg 139w, https:\/\/www.le-montagnard.com\/wp-content\/uploads\/2026\/07\/2dd732ee-ba09-4158-9a2b-8ca505eef69a-473x1024.jpg 473w, https:\/\/www.le-montagnard.com\/wp-content\/uploads\/2026\/07\/2dd732ee-ba09-4158-9a2b-8ca505eef69a-709x1536.jpg 709w, https:\/\/www.le-montagnard.com\/wp-content\/uploads\/2026\/07\/2dd732ee-ba09-4158-9a2b-8ca505eef69a-6x12.jpg 6w\" sizes=\"(max-width: 739px) 100vw, 739px\" \/><\/a><\/div>\t\t\t\t\t<div class=\"jet-smart-listing__post-content\"><div class=\"jet-smart-listing__post-title post-title-simple\"><a href=\"https:\/\/www.le-montagnard.com\/en\/nuit-des-etoiles-le-montagnard-saint-martin-de-belleville\/\">La Nuit des \u00c9toiles au Montagnard<\/a><\/div><div class=\"jet-smart-listing__meta\"><\/div><div class=\"jet-smart-listing__post-excerpt post-excerpt-simple\">Une soir\u00e9e gourmande sous le ciel des Belleville Le dimanche 9 ao\u00fbt, Le Montagnard vous invite \u00e0 vivre une...<\/div><div class=\"jet-smart-listing__more-wrap\"><a href=\"https:\/\/www.le-montagnard.com\/en\/nuit-des-etoiles-le-montagnard-saint-martin-de-belleville\/\" class=\"jet-smart-listing__more simple-more elementor-button elementor-size-md\"><span class=\"jet-smart-listing__more-text\">Lire<\/span><\/a><\/div><\/div>\n\t\t\t\t<\/div>\n\t\t\t<\/div>\n\t\t\t\t\t\t<div class=\"jet-smart-listing__post-wrapper\">\n\t\t\t\t<div class=\"jet-smart-listing__post has-post-thumb\">\n\t\t\t\t\t<div class=\"jet-smart-listing__terms\"><a href=\"https:\/\/www.le-montagnard.com\/en\/category\/animations\/\" class=\"jet-smart-listing__terms-link jet-smart-listing__terms-link--93\">Les \u00e9v\u00e8nements et animations<\/a><\/div>\t\t\t\t\t<div class=\"jet-smart-listing__post-thumbnail post-thumbnail-simple\"><a href=\"https:\/\/www.le-montagnard.com\/en\/fete-biere-saint-martin-de-belleville-le-montagnard\/\"><img loading=\"lazy\" decoding=\"async\" width=\"1414\" height=\"2000\" src=\"https:\/\/www.le-montagnard.com\/wp-content\/uploads\/2026\/07\/Burger-beer-et-bonne-humeur-2026-1.png\" class=\"jet-smart-listing__post-thumbnail-img post-thumbnail-img-simple wp-post-image\" alt=\"F\u00eate de la Bi\u00e8re au Montagnard\" srcset=\"https:\/\/www.le-montagnard.com\/wp-content\/uploads\/2026\/07\/Burger-beer-et-bonne-humeur-2026-1.png 1414w, https:\/\/www.le-montagnard.com\/wp-content\/uploads\/2026\/07\/Burger-beer-et-bonne-humeur-2026-1-212x300.png 212w, https:\/\/www.le-montagnard.com\/wp-content\/uploads\/2026\/07\/Burger-beer-et-bonne-humeur-2026-1-724x1024.png 724w, https:\/\/www.le-montagnard.com\/wp-content\/uploads\/2026\/07\/Burger-beer-et-bonne-humeur-2026-1-768x1086.png 768w, https:\/\/www.le-montagnard.com\/wp-content\/uploads\/2026\/07\/Burger-beer-et-bonne-humeur-2026-1-1086x1536.png 1086w, https:\/\/www.le-montagnard.com\/wp-content\/uploads\/2026\/07\/Burger-beer-et-bonne-humeur-2026-1-8x12.png 8w\" sizes=\"(max-width: 1414px) 100vw, 1414px\" \/><\/a><\/div>\t\t\t\t\t<div class=\"jet-smart-listing__post-content\"><div class=\"jet-smart-listing__post-title post-title-simple\"><a href=\"https:\/\/www.le-montagnard.com\/en\/fete-biere-saint-martin-de-belleville-le-montagnard\/\">F\u00eate de la Bi\u00e8re au Montagnard<\/a><\/div><div class=\"jet-smart-listing__meta\"><\/div><div class=\"jet-smart-listing__post-excerpt post-excerpt-simple\">Burgers, bi\u00e8res et ambiance festive \u00e0 Saint-Martin-de-Belleville Les 24 et 25 juillet, Le Montagnard s'appr\u00eate \u00e0 faire vibrer Saint-Martin-de-Belleville....<\/div><div class=\"jet-smart-listing__more-wrap\"><a href=\"https:\/\/www.le-montagnard.com\/en\/fete-biere-saint-martin-de-belleville-le-montagnard\/\" class=\"jet-smart-listing__more simple-more elementor-button elementor-size-md\"><span class=\"jet-smart-listing__more-text\">Lire<\/span><\/a><\/div><\/div>\n\t\t\t\t<\/div>\n\t\t\t<\/div>\n\t\t\t\t\t\t<div class=\"jet-smart-listing__post-wrapper\">\n\t\t\t\t<div class=\"jet-smart-listing__post has-post-thumb\">\n\t\t\t\t\t<div class=\"jet-smart-listing__terms\"><a href=\"https:\/\/www.le-montagnard.com\/en\/category\/animations\/\" class=\"jet-smart-listing__terms-link jet-smart-listing__terms-link--93\">Les \u00e9v\u00e8nements et animations<\/a><\/div>\t\t\t\t\t<div class=\"jet-smart-listing__post-thumbnail post-thumbnail-simple\"><a href=\"https:\/\/www.le-montagnard.com\/en\/restaurant-14-juillet-belleville\/\"><img loading=\"lazy\" decoding=\"async\" width=\"1536\" height=\"2048\" src=\"https:\/\/www.le-montagnard.com\/wp-content\/uploads\/2026\/07\/f4a8831f-1aa5-4a64-ad86-e58665241e73.jpg\" class=\"jet-smart-listing__post-thumbnail-img post-thumbnail-img-simple wp-post-image\" alt=\"Le Montagnard en F\u00eate\" srcset=\"https:\/\/www.le-montagnard.com\/wp-content\/uploads\/2026\/07\/f4a8831f-1aa5-4a64-ad86-e58665241e73.jpg 1536w, https:\/\/www.le-montagnard.com\/wp-content\/uploads\/2026\/07\/f4a8831f-1aa5-4a64-ad86-e58665241e73-225x300.jpg 225w, https:\/\/www.le-montagnard.com\/wp-content\/uploads\/2026\/07\/f4a8831f-1aa5-4a64-ad86-e58665241e73-768x1024.jpg 768w, https:\/\/www.le-montagnard.com\/wp-content\/uploads\/2026\/07\/f4a8831f-1aa5-4a64-ad86-e58665241e73-1152x1536.jpg 1152w, https:\/\/www.le-montagnard.com\/wp-content\/uploads\/2026\/07\/f4a8831f-1aa5-4a64-ad86-e58665241e73-9x12.jpg 9w\" sizes=\"(max-width: 1536px) 100vw, 1536px\" \/><\/a><\/div>\t\t\t\t\t<div class=\"jet-smart-listing__post-content\"><div class=\"jet-smart-listing__post-title post-title-simple\"><a href=\"https:\/\/www.le-montagnard.com\/en\/restaurant-14-juillet-belleville\/\">Le Montagnard en F\u00eate<\/a><\/div><div class=\"jet-smart-listing__meta\"><\/div><div class=\"jet-smart-listing__post-excerpt post-excerpt-simple\">C\u00e9l\u00e9brez le 14 juillet \u00e0 Saint-Martin-de-Belleville Le mardi 14 juillet, Le Montagnard vous ouvre ses portes pour une soir\u00e9e...<\/div><div class=\"jet-smart-listing__more-wrap\"><a href=\"https:\/\/www.le-montagnard.com\/en\/restaurant-14-juillet-belleville\/\" class=\"jet-smart-listing__more simple-more elementor-button elementor-size-md\"><span class=\"jet-smart-listing__more-text\">Lire<\/span><\/a><\/div><\/div>\n\t\t\t\t<\/div>\n\t\t\t<\/div>\n\t\t\t\t\t\t<div class=\"jet-smart-listing__post-wrapper\">\n\t\t\t\t<div class=\"jet-smart-listing__post has-post-thumb\">\n\t\t\t\t\t<div class=\"jet-smart-listing__terms\"><a href=\"https:\/\/www.le-montagnard.com\/en\/category\/les-3-vallees\/\" class=\"jet-smart-listing__terms-link jet-smart-listing__terms-link--48\">Les 3 Vall\u00e9es<\/a><\/div>\t\t\t\t\t<div class=\"jet-smart-listing__post-thumbnail post-thumbnail-simple\"><a href=\"https:\/\/www.le-montagnard.com\/en\/profiter-pleinement-de-lete-dans-les-belleville-avec-le-bureau-des-guides\/\"><img loading=\"lazy\" decoding=\"async\" width=\"400\" height=\"267\" src=\"https:\/\/www.le-montagnard.com\/wp-content\/uploads\/2026\/07\/guides-belleville-ete-st_martin-les_menuires-val_thorens-rando-lacs-altitude.jpg\" class=\"jet-smart-listing__post-thumbnail-img post-thumbnail-img-simple wp-post-image\" alt=\"Profiter pleinement de l\u2019\u00e9t\u00e9 dans les Belleville avec le Bureau des Guides\" srcset=\"https:\/\/www.le-montagnard.com\/wp-content\/uploads\/2026\/07\/guides-belleville-ete-st_martin-les_menuires-val_thorens-rando-lacs-altitude.jpg 400w, https:\/\/www.le-montagnard.com\/wp-content\/uploads\/2026\/07\/guides-belleville-ete-st_martin-les_menuires-val_thorens-rando-lacs-altitude-300x200.jpg 300w, https:\/\/www.le-montagnard.com\/wp-content\/uploads\/2026\/07\/guides-belleville-ete-st_martin-les_menuires-val_thorens-rando-lacs-altitude-18x12.jpg 18w\" sizes=\"(max-width: 400px) 100vw, 400px\" \/><\/a><\/div>\t\t\t\t\t<div class=\"jet-smart-listing__post-content\"><div class=\"jet-smart-listing__post-title post-title-simple\"><a href=\"https:\/\/www.le-montagnard.com\/en\/profiter-pleinement-de-lete-dans-les-belleville-avec-le-bureau-des-guides\/\">Profiter pleinement de l\u2019\u00e9t\u00e9 dans les Belleville avec le Bureau des Guides<\/a><\/div><div class=\"jet-smart-listing__meta\"><\/div><div class=\"jet-smart-listing__post-excerpt post-excerpt-simple\">L\u2019\u00e9t\u00e9 dans les Belleville ne se r\u00e9sume pas seulement aux belles terrasses, aux villages de caract\u00e8re et aux repas...<\/div><div class=\"jet-smart-listing__more-wrap\"><a href=\"https:\/\/www.le-montagnard.com\/en\/profiter-pleinement-de-lete-dans-les-belleville-avec-le-bureau-des-guides\/\" class=\"jet-smart-listing__more simple-more elementor-button elementor-size-md\"><span class=\"jet-smart-listing__more-text\">Lire<\/span><\/a><\/div><\/div>\n\t\t\t\t<\/div>\n\t\t\t<\/div>\n\t\t\t\t\t\t<div class=\"jet-smart-listing__post-wrapper\">\n\t\t\t\t<div class=\"jet-smart-listing__post has-post-thumb\">\n\t\t\t\t\t<div class=\"jet-smart-listing__terms\"><a href=\"https:\/\/www.le-montagnard.com\/en\/category\/terrasse\/\" class=\"jet-smart-listing__terms-link jet-smart-listing__terms-link--74\">La terrasse<\/a><\/div>\t\t\t\t\t<div class=\"jet-smart-listing__post-thumbnail post-thumbnail-simple\"><a href=\"https:\/\/www.le-montagnard.com\/en\/animations-ete-montagnard-saint-martin-belleville\/\"><img decoding=\"async\" src=\"https:\/\/www.le-montagnard.com\/wp-content\/uploads\/2024\/07\/2400711_LeMontagnard-L.Brochot-59.jpg\" class=\"jet-smart-listing__post-thumbnail-img post-thumbnail-img-simple wp-post-image\" alt=\"L&rsquo;\u00e9t\u00e9 s&rsquo;annonce festif au Montagnard !\" \/><\/a><\/div>\t\t\t\t\t<div class=\"jet-smart-listing__post-content\"><div class=\"jet-smart-listing__post-title post-title-simple\"><a href=\"https:\/\/www.le-montagnard.com\/en\/animations-ete-montagnard-saint-martin-belleville\/\">L&rsquo;\u00e9t\u00e9 s&rsquo;annonce festif au Montagnard !<\/a><\/div><div class=\"jet-smart-listing__meta\"><\/div><div class=\"jet-smart-listing__post-excerpt post-excerpt-simple\">Nous sommes ravis de retrouver cette saison le groupe Sunny Side Up Duo, qui viendra animer vos d\u00e9jeuners dans...<\/div><div class=\"jet-smart-listing__more-wrap\"><a href=\"https:\/\/www.le-montagnard.com\/en\/animations-ete-montagnard-saint-martin-belleville\/\" class=\"jet-smart-listing__more simple-more elementor-button elementor-size-md\"><span class=\"jet-smart-listing__more-text\">Lire<\/span><\/a><\/div><\/div>\n\t\t\t\t<\/div>\n\t\t\t<\/div>\n\t\t\t\t\t\t<div class=\"jet-smart-listing__post-wrapper\">\n\t\t\t\t<div class=\"jet-smart-listing__post has-post-thumb\">\n\t\t\t\t\t<div class=\"jet-smart-listing__terms\"><a href=\"https:\/\/www.le-montagnard.com\/en\/category\/terrasse\/\" class=\"jet-smart-listing__terms-link jet-smart-listing__terms-link--74\">La terrasse<\/a><\/div>\t\t\t\t\t<div class=\"jet-smart-listing__post-thumbnail post-thumbnail-simple\"><a href=\"https:\/\/www.le-montagnard.com\/en\/aire-de-jeux-enfants\/\"><img loading=\"lazy\" decoding=\"async\" width=\"1367\" height=\"2048\" src=\"https:\/\/www.le-montagnard.com\/wp-content\/uploads\/2023\/07\/CB14672.jpg\" class=\"jet-smart-listing__post-thumbnail-img post-thumbnail-img-simple wp-post-image\" alt=\"Une aire de jeux pour les enfants : \u00e7a joue !\" srcset=\"https:\/\/www.le-montagnard.com\/wp-content\/uploads\/2023\/07\/CB14672.jpg 1367w, https:\/\/www.le-montagnard.com\/wp-content\/uploads\/2023\/07\/CB14672-200x300.jpg 200w, https:\/\/www.le-montagnard.com\/wp-content\/uploads\/2023\/07\/CB14672-684x1024.jpg 684w, https:\/\/www.le-montagnard.com\/wp-content\/uploads\/2023\/07\/CB14672-768x1151.jpg 768w, https:\/\/www.le-montagnard.com\/wp-content\/uploads\/2023\/07\/CB14672-1025x1536.jpg 1025w, https:\/\/www.le-montagnard.com\/wp-content\/uploads\/2023\/07\/CB14672-8x12.jpg 8w, https:\/\/www.le-montagnard.com\/wp-content\/uploads\/2023\/07\/CB14672-600x899.jpg 600w\" sizes=\"(max-width: 1367px) 100vw, 1367px\" \/><\/a><\/div>\t\t\t\t\t<div class=\"jet-smart-listing__post-content\"><div class=\"jet-smart-listing__post-title post-title-simple\"><a href=\"https:\/\/www.le-montagnard.com\/en\/aire-de-jeux-enfants\/\">Une aire de jeux pour les enfants : \u00e7a joue !<\/a><\/div><div class=\"jet-smart-listing__meta\"><\/div><div class=\"jet-smart-listing__post-excerpt post-excerpt-simple\">Au Montagnard, nous savons combien il est important de profiter d\u2019un moment de d\u00e9tente en famille, o\u00f9 petits et...<\/div><div class=\"jet-smart-listing__more-wrap\"><a href=\"https:\/\/www.le-montagnard.com\/en\/aire-de-jeux-enfants\/\" class=\"jet-smart-listing__more simple-more elementor-button elementor-size-md\"><span class=\"jet-smart-listing__more-text\">Lire<\/span><\/a><\/div><\/div>\n\t\t\t\t<\/div>\n\t\t\t<\/div>\n\t\t\t\t\t\t<div class=\"jet-smart-listing__post-wrapper\">\n\t\t\t\t<div class=\"jet-smart-listing__post has-post-thumb\">\n\t\t\t\t\t<div class=\"jet-smart-listing__terms\"><a href=\"https:\/\/www.le-montagnard.com\/en\/category\/dans-la-presse\/\" class=\"jet-smart-listing__terms-link jet-smart-listing__terms-link--51\">Dans la presse<\/a><\/div>\t\t\t\t\t<div class=\"jet-smart-listing__post-thumbnail post-thumbnail-simple\"><a href=\"https:\/\/www.le-montagnard.com\/en\/distinction-gault-millau\/\"><img loading=\"lazy\" decoding=\"async\" width=\"600\" height=\"600\" src=\"https:\/\/www.le-montagnard.com\/wp-content\/uploads\/2024\/03\/gaultmillau-NL-2.jpg\" class=\"jet-smart-listing__post-thumbnail-img post-thumbnail-img-simple wp-post-image\" alt=\"Distinction Gault &#038; Millau 2024\" srcset=\"https:\/\/www.le-montagnard.com\/wp-content\/uploads\/2024\/03\/gaultmillau-NL-2.jpg 600w, https:\/\/www.le-montagnard.com\/wp-content\/uploads\/2024\/03\/gaultmillau-NL-2-300x300.jpg 300w, https:\/\/www.le-montagnard.com\/wp-content\/uploads\/2024\/03\/gaultmillau-NL-2-150x150.jpg 150w, https:\/\/www.le-montagnard.com\/wp-content\/uploads\/2024\/03\/gaultmillau-NL-2-12x12.jpg 12w, https:\/\/www.le-montagnard.com\/wp-content\/uploads\/2024\/03\/gaultmillau-NL-2-230x230.jpg 230w, https:\/\/www.le-montagnard.com\/wp-content\/uploads\/2024\/03\/gaultmillau-NL-2-400x400.jpg 400w\" sizes=\"(max-width: 600px) 100vw, 600px\" \/><\/a><\/div>\t\t\t\t\t<div class=\"jet-smart-listing__post-content\"><div class=\"jet-smart-listing__post-title post-title-simple\"><a href=\"https:\/\/www.le-montagnard.com\/en\/distinction-gault-millau\/\">Distinction Gault &#038; Millau 2024<\/a><\/div><div class=\"jet-smart-listing__meta\"><\/div><div class=\"jet-smart-listing__post-excerpt post-excerpt-simple\">Nous sommes ravis de partager notre nouvelle reconnaissance dans le prestigieux guide gastronomique de renomm\u00e9e internationale. Avec une mention...<\/div><div class=\"jet-smart-listing__more-wrap\"><a href=\"https:\/\/www.le-montagnard.com\/en\/distinction-gault-millau\/\" class=\"jet-smart-listing__more simple-more elementor-button elementor-size-md\"><span class=\"jet-smart-listing__more-text\">Lire<\/span><\/a><\/div><\/div>\n\t\t\t\t<\/div>\n\t\t\t<\/div>\n\t\t\t\t\t\t<div class=\"jet-smart-listing__post-wrapper\">\n\t\t\t\t<div class=\"jet-smart-listing__post has-post-thumb\">\n\t\t\t\t\t<div class=\"jet-smart-listing__terms\"><a href=\"https:\/\/www.le-montagnard.com\/en\/category\/nos-fournisseurs\/\" class=\"jet-smart-listing__terms-link jet-smart-listing__terms-link--81\">Nos fournisseurs<\/a><\/div>\t\t\t\t\t<div class=\"jet-smart-listing__post-thumbnail post-thumbnail-simple\"><a href=\"https:\/\/www.le-montagnard.com\/en\/eric-jacquier-nouveau-fournisseur\/\"><img loading=\"lazy\" decoding=\"async\" width=\"1600\" height=\"1200\" src=\"https:\/\/www.le-montagnard.com\/wp-content\/uploads\/2023\/11\/1700474054343.jpg\" class=\"jet-smart-listing__post-thumbnail-img post-thumbnail-img-simple wp-post-image\" alt=\"Eric JACQUIER, notre nouveau fournisseur de poisson cet hiver !\" srcset=\"https:\/\/www.le-montagnard.com\/wp-content\/uploads\/2023\/11\/1700474054343.jpg 1600w, https:\/\/www.le-montagnard.com\/wp-content\/uploads\/2023\/11\/1700474054343-300x225.jpg 300w, https:\/\/www.le-montagnard.com\/wp-content\/uploads\/2023\/11\/1700474054343-1024x768.jpg 1024w, https:\/\/www.le-montagnard.com\/wp-content\/uploads\/2023\/11\/1700474054343-768x576.jpg 768w, https:\/\/www.le-montagnard.com\/wp-content\/uploads\/2023\/11\/1700474054343-1536x1152.jpg 1536w, https:\/\/www.le-montagnard.com\/wp-content\/uploads\/2023\/11\/1700474054343-16x12.jpg 16w, https:\/\/www.le-montagnard.com\/wp-content\/uploads\/2023\/11\/1700474054343-600x450.jpg 600w\" sizes=\"(max-width: 1600px) 100vw, 1600px\" \/><\/a><\/div>\t\t\t\t\t<div class=\"jet-smart-listing__post-content\"><div class=\"jet-smart-listing__post-title post-title-simple\"><a href=\"https:\/\/www.le-montagnard.com\/en\/eric-jacquier-nouveau-fournisseur\/\">Eric JACQUIER, notre nouveau fournisseur de poisson cet hiver !<\/a><\/div><div class=\"jet-smart-listing__meta\"><\/div><div class=\"jet-smart-listing__post-excerpt post-excerpt-simple\">Valentin et Julien ont rendu visite \u00e0 notre nouveau poissonnier local sur les rives du Lac L\u00e9man : Eric...<\/div><div class=\"jet-smart-listing__more-wrap\"><a href=\"https:\/\/www.le-montagnard.com\/en\/eric-jacquier-nouveau-fournisseur\/\" class=\"jet-smart-listing__more simple-more elementor-button elementor-size-md\"><span class=\"jet-smart-listing__more-text\">Lire<\/span><\/a><\/div><\/div>\n\t\t\t\t<\/div>\n\t\t\t<\/div>\n\t\t\t\t\t\t<div class=\"jet-smart-listing__post-wrapper\">\n\t\t\t\t<div class=\"jet-smart-listing__post has-post-thumb\">\n\t\t\t\t\t<div class=\"jet-smart-listing__terms\"><a href=\"https:\/\/www.le-montagnard.com\/en\/category\/nos-fournisseurs\/\" class=\"jet-smart-listing__terms-link jet-smart-listing__terms-link--81\">Nos fournisseurs<\/a><\/div>\t\t\t\t\t<div class=\"jet-smart-listing__post-thumbnail post-thumbnail-simple\"><a href=\"https:\/\/www.le-montagnard.com\/en\/nos-fournisseurs-a-l-honneur\/\"><img loading=\"lazy\" decoding=\"async\" width=\"1280\" height=\"1917\" src=\"https:\/\/www.le-montagnard.com\/wp-content\/uploads\/2023\/10\/1695392362004.jpg\" class=\"jet-smart-listing__post-thumbnail-img post-thumbnail-img-simple wp-post-image\" alt=\"Nos fournisseurs \u00e0 l&rsquo;honneur !\" srcset=\"https:\/\/www.le-montagnard.com\/wp-content\/uploads\/2023\/10\/1695392362004.jpg 1280w, https:\/\/www.le-montagnard.com\/wp-content\/uploads\/2023\/10\/1695392362004-200x300.jpg 200w, https:\/\/www.le-montagnard.com\/wp-content\/uploads\/2023\/10\/1695392362004-684x1024.jpg 684w, https:\/\/www.le-montagnard.com\/wp-content\/uploads\/2023\/10\/1695392362004-768x1150.jpg 768w, https:\/\/www.le-montagnard.com\/wp-content\/uploads\/2023\/10\/1695392362004-1026x1536.jpg 1026w, https:\/\/www.le-montagnard.com\/wp-content\/uploads\/2023\/10\/1695392362004-8x12.jpg 8w, https:\/\/www.le-montagnard.com\/wp-content\/uploads\/2023\/10\/1695392362004-600x899.jpg 600w\" sizes=\"(max-width: 1280px) 100vw, 1280px\" \/><\/a><\/div>\t\t\t\t\t<div class=\"jet-smart-listing__post-content\"><div class=\"jet-smart-listing__post-title post-title-simple\"><a href=\"https:\/\/www.le-montagnard.com\/en\/nos-fournisseurs-a-l-honneur\/\">Nos fournisseurs \u00e0 l&rsquo;honneur !<\/a><\/div><div class=\"jet-smart-listing__meta\"><\/div><div class=\"jet-smart-listing__post-excerpt post-excerpt-simple\">Nous souhaitons vous offrir la qualit\u00e9 d\u2019une huile d\u2019olive de fabrication fran\u00e7aise comme un cadeau sur votre table, pour...<\/div><div class=\"jet-smart-listing__more-wrap\"><a href=\"https:\/\/www.le-montagnard.com\/en\/nos-fournisseurs-a-l-honneur\/\" class=\"jet-smart-listing__more simple-more elementor-button elementor-size-md\"><span class=\"jet-smart-listing__more-text\">Lire<\/span><\/a><\/div><\/div>\n\t\t\t\t<\/div>\n\t\t\t<\/div>\n\t\t\t\t\t\t<div class=\"jet-smart-listing__post-wrapper\">\n\t\t\t\t<div class=\"jet-smart-listing__post has-post-thumb\">\n\t\t\t\t\t<div class=\"jet-smart-listing__terms\"><a href=\"https:\/\/www.le-montagnard.com\/en\/category\/les-3-vallees\/\" class=\"jet-smart-listing__terms-link jet-smart-listing__terms-link--48\">Les 3 Vall\u00e9es<\/a><\/div>\t\t\t\t\t<div class=\"jet-smart-listing__post-thumbnail post-thumbnail-simple\"><a href=\"https:\/\/www.le-montagnard.com\/en\/faites-plaisir-a-vos-proches\/\"><img loading=\"lazy\" decoding=\"async\" width=\"1707\" height=\"2560\" src=\"https:\/\/www.le-montagnard.com\/wp-content\/uploads\/2024\/12\/241213_Terrasse_Menu_Hiver-L.Brochot-97-scaled.jpg\" class=\"jet-smart-listing__post-thumbnail-img post-thumbnail-img-simple wp-post-image\" alt=\"Fa\u00eetes plaisir \u00e0 vos proches\" srcset=\"https:\/\/www.le-montagnard.com\/wp-content\/uploads\/2024\/12\/241213_Terrasse_Menu_Hiver-L.Brochot-97-scaled.jpg 1707w, https:\/\/www.le-montagnard.com\/wp-content\/uploads\/2024\/12\/241213_Terrasse_Menu_Hiver-L.Brochot-97-200x300.jpg 200w, https:\/\/www.le-montagnard.com\/wp-content\/uploads\/2024\/12\/241213_Terrasse_Menu_Hiver-L.Brochot-97-683x1024.jpg 683w, https:\/\/www.le-montagnard.com\/wp-content\/uploads\/2024\/12\/241213_Terrasse_Menu_Hiver-L.Brochot-97-768x1152.jpg 768w, https:\/\/www.le-montagnard.com\/wp-content\/uploads\/2024\/12\/241213_Terrasse_Menu_Hiver-L.Brochot-97-1024x1536.jpg 1024w, https:\/\/www.le-montagnard.com\/wp-content\/uploads\/2024\/12\/241213_Terrasse_Menu_Hiver-L.Brochot-97-1365x2048.jpg 1365w, https:\/\/www.le-montagnard.com\/wp-content\/uploads\/2024\/12\/241213_Terrasse_Menu_Hiver-L.Brochot-97-8x12.jpg 8w, https:\/\/www.le-montagnard.com\/wp-content\/uploads\/2024\/12\/241213_Terrasse_Menu_Hiver-L.Brochot-97-600x900.jpg 600w\" sizes=\"(max-width: 1707px) 100vw, 1707px\" \/><\/a><\/div>\t\t\t\t\t<div class=\"jet-smart-listing__post-content\"><div class=\"jet-smart-listing__post-title post-title-simple\"><a href=\"https:\/\/www.le-montagnard.com\/en\/faites-plaisir-a-vos-proches\/\">Fa\u00eetes plaisir \u00e0 vos proches<\/a><\/div><div class=\"jet-smart-listing__meta\"><\/div><div class=\"jet-smart-listing__post-excerpt post-excerpt-simple\">Fa\u00eetes plaisir \u00e0 ceux que vous aimez gr\u00e2ce \u00e0 nos bons cadeaux et coffrets cadeaux personnalis\u00e9s \u00e0 offrir.<\/div><div class=\"jet-smart-listing__more-wrap\"><a href=\"https:\/\/www.le-montagnard.com\/en\/faites-plaisir-a-vos-proches\/\" class=\"jet-smart-listing__more simple-more elementor-button elementor-size-md\"><span class=\"jet-smart-listing__more-text\">Lire<\/span><\/a><\/div><\/div>\n\t\t\t\t<\/div>\n\t\t\t<\/div>\n\t\t\t<\/div>\n<\/div>\n\t<div class=\"jet-smart-listing__arrows\"><div class=\"jet-smart-listing__arrow jet-arrow-prev jet-arrow-disabled\" data-dir=\"prev\"><svg width=\"24\" height=\"24\" viewBox=\"0 0 24 24\" fill=\"none\" xmlns=\"http:\/\/www.w3.org\/2000\/svg\"><path d=\"M14.625 5.3999L16.3 7.0749L11.35 12.0249L16.3 16.9749L14.625 18.6499L7.99999 12.0249L14.625 5.3999Z\" fill=\"#0F172A\"\/><\/svg><\/div><div class=\"jet-smart-listing__arrow jet-arrow-next\" data-dir=\"next\"><svg width=\"24\" height=\"24\" viewBox=\"0 0 24 24\" fill=\"none\" xmlns=\"http:\/\/www.w3.org\/2000\/svg\"><path d=\"M9.37501 18.6001L7.70001 16.9251L12.65 11.9751L7.70001 7.0251L9.37501 5.3501L16 11.9751L9.37501 18.6001Z\" fill=\"#0F172A\"\/><\/svg><\/div><\/div><\/div>\n<div class=\"jet-smart-listing-loading\"><\/div><\/div>\t\t\t\t<\/div>\n\t\t\t\t<\/div>\n\t\t\t\t<div class=\"elementor-element elementor-element-ca6201c elementor-widget elementor-widget-jet-blog-smart-listing\" data-id=\"ca6201c\" data-element_type=\"widget\" data-e-type=\"widget\" data-widget_type=\"jet-blog-smart-listing.default\">\n\t\t\t\t<div class=\"elementor-widget-container\">\n\t\t\t\t\t<div class=\"elementor-jet-blog-smart-listing jet-blog\"><div class=\"jet-smart-listing-wrap\" data-settings='{&quot;block_title&quot;:&quot;&quot;,&quot;title_tag&quot;:&quot;h3&quot;,&quot;featured_post&quot;:&quot;&quot;,&quot;featured_position&quot;:null,&quot;featured_width&quot;:null,&quot;featured_layout&quot;:null,&quot;featured_image_size&quot;:null,&quot;featured_image_position&quot;:null,&quot;featured_image_width&quot;:null,&quot;featured_excerpt_length&quot;:null,&quot;featured_excerpt_trimmed_ending&quot;:null,&quot;featured_read_more&quot;:null,&quot;featured_read_more_text&quot;:null,&quot;featured_show_meta&quot;:null,&quot;featured_show_author&quot;:null,&quot;featured_show_author_avatar&quot;:null,&quot;featured_show_author_from&quot;:null,&quot;featured_avatar_custom_field&quot;:null,&quot;featured_avatar_size&quot;:null,&quot;featured_show_author_icon&quot;:null,&quot;selected_featured_show_author_icon&quot;:null,&quot;featured_show_date&quot;:null,&quot;featured_show_date_icon&quot;:null,&quot;selected_featured_show_date_icon&quot;:null,&quot;featured_show_comments&quot;:null,&quot;featured_show_comments_icon&quot;:null,&quot;selected_featured_show_comments_icon&quot;:null,&quot;posts_columns_widescreen&quot;:null,&quot;posts_columns&quot;:&quot;2&quot;,&quot;posts_columns_laptop&quot;:null,&quot;posts_columns_tablet_extra&quot;:null,&quot;posts_columns_tablet&quot;:&quot;&quot;,&quot;posts_columns_mobile_extra&quot;:null,&quot;posts_columns_mobile&quot;:&quot;1&quot;,&quot;posts_rows_widescreen&quot;:null,&quot;posts_rows&quot;:&quot;6&quot;,&quot;posts_rows_laptop&quot;:null,&quot;posts_rows_tablet_extra&quot;:null,&quot;posts_rows_tablet&quot;:&quot;&quot;,&quot;posts_rows_mobile_extra&quot;:null,&quot;posts_rows_mobile&quot;:&quot;&quot;,&quot;image_size&quot;:&quot;full&quot;,&quot;image_position&quot;:&quot;left&quot;,&quot;image_width&quot;:{&quot;unit&quot;:&quot;%&quot;,&quot;size&quot;:50,&quot;sizes&quot;:[]},&quot;excerpt_length&quot;:19,&quot;excerpt_trimmed_ending&quot;:&quot;...&quot;,&quot;read_more&quot;:&quot;yes&quot;,&quot;read_more_text&quot;:&quot;Lire&quot;,&quot;show_meta&quot;:&quot;yes&quot;,&quot;show_author&quot;:&quot;&quot;,&quot;show_author_avatar&quot;:null,&quot;get_avatar_from&quot;:null,&quot;avatar_custom_field&quot;:null,&quot;avatar_size&quot;:null,&quot;show_author_icon&quot;:null,&quot;selected_show_author_icon&quot;:null,&quot;show_date&quot;:&quot;&quot;,&quot;show_date_icon&quot;:null,&quot;selected_show_date_icon&quot;:null,&quot;show_comments&quot;:&quot;&quot;,&quot;show_comments_icon&quot;:null,&quot;selected_show_comments_icon&quot;:null,&quot;query_by&quot;:&quot;category&quot;,&quot;category_ids&quot;:&quot;&quot;,&quot;post_tag_ids&quot;:null,&quot;include_ids&quot;:null,&quot;exclude_ids&quot;:&quot;%current_id%&quot;,&quot;custom_query_by&quot;:&quot;all&quot;,&quot;custom_terms_ids&quot;:null,&quot;meta_query&quot;:&quot;&quot;,&quot;meta_key&quot;:null,&quot;meta_value&quot;:null,&quot;show_filter&quot;:&quot;yes&quot;,&quot;filter_by&quot;:&quot;category&quot;,&quot;show_all_btn&quot;:&quot;yes&quot;,&quot;all_btn_label&quot;:&quot;Tout voir&quot;,&quot;more_terms_icon&quot;:null,&quot;selected_more_terms_icon&quot;:null,&quot;show_arrows&quot;:&quot;yes&quot;,&quot;arrow_type&quot;:&quot;fa fa-angle-left&quot;,&quot;show_featured_terms&quot;:null,&quot;show_featured_terms_tax&quot;:null,&quot;show_featured_terms_num&quot;:null,&quot;show_terms&quot;:&quot;yes&quot;,&quot;show_terms_tax&quot;:&quot;category&quot;,&quot;show_terms_num&quot;:&quot;1&quot;,&quot;featured_meta_position&quot;:null,&quot;meta_position&quot;:&quot;after&quot;,&quot;show_image&quot;:&quot;yes&quot;,&quot;post_type&quot;:[&quot;post&quot;],&quot;post_ids&quot;:null,&quot;content_related_meta&quot;:null,&quot;show_content_related_meta&quot;:&quot;&quot;,&quot;meta_content_related_position&quot;:null,&quot;title_related_meta&quot;:null,&quot;show_title_related_meta&quot;:&quot;&quot;,&quot;meta_title_related_position&quot;:null,&quot;featured_title_length&quot;:null,&quot;title_length&quot;:0,&quot;add_button_icon&quot;:&quot;&quot;,&quot;button_icon&quot;:null,&quot;selected_button_icon&quot;:null,&quot;post_add_button_icon&quot;:&quot;&quot;,&quot;post_button_icon&quot;:null,&quot;selected_post_button_icon&quot;:null,&quot;use_custom_query&quot;:&quot;&quot;,&quot;custom_query&quot;:null,&quot;posts_offset&quot;:0,&quot;order&quot;:&quot;DESC&quot;,&quot;order_by&quot;:&quot;date&quot;,&quot;is_archive_template&quot;:&quot;&quot;,&quot;query_builder_id&quot;:null,&quot;signature&quot;:&quot;d21aeb7a87ed13822765280415c82696b90574e0e0e43a30692e3a2aace5c2f8&quot;}' data-page=\"1\" data-term=\"0\" data-scroll-top=1>\n\t<div class=\"jet-smart-listing__heading\"><span class=\"jet-smart-listing__title-placeholder\"><\/span><div class=\"jet-smart-listing__filter\" data-more=\"{&quot;icon&quot;:null,&quot;className&quot;:&quot;jet-smart-listing__filter-item jet-smart-listing__filter-more jet-blog-icon&quot;}\" data-rollup=\"\"><div class=\"jet-smart-listing__filter-item\"><a href=\"#\" data-term=\"0\">Tout voir<\/a><\/div><div class=\"jet-smart-listing__filter-item\"><a href=\"#\" data-term=\"51\">Dans la presse<\/a><\/div><div class=\"jet-smart-listing__filter-item\"><a href=\"#\" data-term=\"74\">La terrasse<\/a><\/div><div class=\"jet-smart-listing__filter-item\"><a href=\"#\" data-term=\"48\">Les 3 Vall\u00e9es<\/a><\/div><div class=\"jet-smart-listing__filter-item\"><a href=\"#\" data-term=\"93\">Les \u00e9v\u00e8nements et animations<\/a><\/div><div class=\"jet-smart-listing__filter-item\"><a href=\"#\" data-term=\"81\">Nos fournisseurs<\/a><\/div><div class=\"jet-smart-listing__filter-item\"><a href=\"#\" data-term=\"1\">Nouveaux plats<\/a><\/div><\/div><\/div>\n\t<div class=\"jet-smart-listing rows-6 no-featured\"><div class=\"jet-smart-listing__posts\">\n\t\t\t\t<div class=\"jet-smart-listing__post-wrapper\">\n\t\t\t\t<div class=\"jet-smart-listing__post has-post-thumb\">\n\t\t\t\t\t<div class=\"jet-smart-listing__terms\"><a href=\"https:\/\/www.le-montagnard.com\/en\/category\/animations\/\" class=\"jet-smart-listing__terms-link jet-smart-listing__terms-link--93\">Les \u00e9v\u00e8nements et animations<\/a><\/div>\t\t\t\t\t<div class=\"jet-smart-listing__post-thumbnail post-thumbnail-simple\"><a href=\"https:\/\/www.le-montagnard.com\/en\/midis-melodie-sunny-side-up-duo-le-montagnard\/\"><img fetchpriority=\"high\" decoding=\"async\" width=\"739\" height=\"1600\" src=\"https:\/\/www.le-montagnard.com\/wp-content\/uploads\/2026\/08\/PHOTO-2026-08-14-16-10-12.jpg\" class=\"jet-smart-listing__post-thumbnail-img post-thumbnail-img-simple wp-post-image\" alt=\"Les Midis M\u00e9lodie au Montagnard\" srcset=\"https:\/\/www.le-montagnard.com\/wp-content\/uploads\/2026\/08\/PHOTO-2026-08-14-16-10-12.jpg 739w, https:\/\/www.le-montagnard.com\/wp-content\/uploads\/2026\/08\/PHOTO-2026-08-14-16-10-12-139x300.jpg 139w, https:\/\/www.le-montagnard.com\/wp-content\/uploads\/2026\/08\/PHOTO-2026-08-14-16-10-12-473x1024.jpg 473w, https:\/\/www.le-montagnard.com\/wp-content\/uploads\/2026\/08\/PHOTO-2026-08-14-16-10-12-709x1536.jpg 709w, https:\/\/www.le-montagnard.com\/wp-content\/uploads\/2026\/08\/PHOTO-2026-08-14-16-10-12-6x12.jpg 6w\" sizes=\"(max-width: 739px) 100vw, 739px\" \/><\/a><\/div>\t\t\t\t\t<div class=\"jet-smart-listing__post-content\"><div class=\"jet-smart-listing__post-title post-title-simple\"><a href=\"https:\/\/www.le-montagnard.com\/en\/midis-melodie-sunny-side-up-duo-le-montagnard\/\">Les Midis M\u00e9lodie au Montagnard<\/a><\/div><div class=\"jet-smart-listing__meta\"><\/div><div class=\"jet-smart-listing__post-excerpt post-excerpt-simple\">Concerts Live &amp; D\u00e9jeuner en Terrasse \u00e0 Saint-Martin-de-Belleville En cette deuxi\u00e8me partie du mois d'ao\u00fbt, combinez plaisir des papilles...<\/div><div class=\"jet-smart-listing__more-wrap\"><a href=\"https:\/\/www.le-montagnard.com\/en\/midis-melodie-sunny-side-up-duo-le-montagnard\/\" class=\"jet-smart-listing__more simple-more elementor-button elementor-size-md\"><span class=\"jet-smart-listing__more-text\">Lire<\/span><\/a><\/div><\/div>\n\t\t\t\t<\/div>\n\t\t\t<\/div>\n\t\t\t\t\t\t<div class=\"jet-smart-listing__post-wrapper\">\n\t\t\t\t<div class=\"jet-smart-listing__post has-post-thumb\">\n\t\t\t\t\t<div class=\"jet-smart-listing__terms\"><a href=\"https:\/\/www.le-montagnard.com\/en\/category\/nos-fournisseurs\/\" class=\"jet-smart-listing__terms-link jet-smart-listing__terms-link--81\">Nos fournisseurs<\/a><\/div>\t\t\t\t\t<div class=\"jet-smart-listing__post-thumbnail post-thumbnail-simple\"><a href=\"https:\/\/www.le-montagnard.com\/en\/produits-chez-pepe-nicolas-au-montagnard\/\"><img decoding=\"async\" width=\"2560\" height=\"1707\" src=\"https:\/\/www.le-montagnard.com\/wp-content\/uploads\/2026\/07\/240806_PepeNicolas_ActivitesCo-L.Brochot-99-1-scaled.jpg\" class=\"jet-smart-listing__post-thumbnail-img post-thumbnail-img-simple wp-post-image\" alt=\"Du jardin \u00e0 l\u2019alpage : les produits de Chez P\u00e9p\u00e9 Nicolas au Montagnard\" srcset=\"https:\/\/www.le-montagnard.com\/wp-content\/uploads\/2026\/07\/240806_PepeNicolas_ActivitesCo-L.Brochot-99-1-scaled.jpg 2560w, https:\/\/www.le-montagnard.com\/wp-content\/uploads\/2026\/07\/240806_PepeNicolas_ActivitesCo-L.Brochot-99-1-300x200.jpg 300w, https:\/\/www.le-montagnard.com\/wp-content\/uploads\/2026\/07\/240806_PepeNicolas_ActivitesCo-L.Brochot-99-1-1024x683.jpg 1024w, https:\/\/www.le-montagnard.com\/wp-content\/uploads\/2026\/07\/240806_PepeNicolas_ActivitesCo-L.Brochot-99-1-768x512.jpg 768w, https:\/\/www.le-montagnard.com\/wp-content\/uploads\/2026\/07\/240806_PepeNicolas_ActivitesCo-L.Brochot-99-1-1536x1024.jpg 1536w, https:\/\/www.le-montagnard.com\/wp-content\/uploads\/2026\/07\/240806_PepeNicolas_ActivitesCo-L.Brochot-99-1-2048x1365.jpg 2048w, https:\/\/www.le-montagnard.com\/wp-content\/uploads\/2026\/07\/240806_PepeNicolas_ActivitesCo-L.Brochot-99-1-18x12.jpg 18w\" sizes=\"(max-width: 2560px) 100vw, 2560px\" \/><\/a><\/div>\t\t\t\t\t<div class=\"jet-smart-listing__post-content\"><div class=\"jet-smart-listing__post-title post-title-simple\"><a href=\"https:\/\/www.le-montagnard.com\/en\/produits-chez-pepe-nicolas-au-montagnard\/\">Du jardin \u00e0 l\u2019alpage : les produits de Chez P\u00e9p\u00e9 Nicolas au Montagnard<\/a><\/div><div class=\"jet-smart-listing__meta\"><\/div><div class=\"jet-smart-listing__post-excerpt post-excerpt-simple\">\u00c0 quelques kilom\u00e8tres seulement l\u2019un de l\u2019autre, Le Montagnard \u00e0 Saint-Martin-de-Belleville et Chez P\u00e9p\u00e9 Nicolas \u00e0 2000 m\u00e8tres d\u2019altitude...<\/div><div class=\"jet-smart-listing__more-wrap\"><a href=\"https:\/\/www.le-montagnard.com\/en\/produits-chez-pepe-nicolas-au-montagnard\/\" class=\"jet-smart-listing__more simple-more elementor-button elementor-size-md\"><span class=\"jet-smart-listing__more-text\">Lire<\/span><\/a><\/div><\/div>\n\t\t\t\t<\/div>\n\t\t\t<\/div>\n\t\t\t\t\t\t<div class=\"jet-smart-listing__post-wrapper\">\n\t\t\t\t<div class=\"jet-smart-listing__post has-post-thumb\">\n\t\t\t\t\t<div class=\"jet-smart-listing__terms\"><a href=\"https:\/\/www.le-montagnard.com\/en\/category\/animations\/\" class=\"jet-smart-listing__terms-link jet-smart-listing__terms-link--93\">Les \u00e9v\u00e8nements et animations<\/a><\/div>\t\t\t\t\t<div class=\"jet-smart-listing__post-thumbnail post-thumbnail-simple\"><a href=\"https:\/\/www.le-montagnard.com\/en\/nuit-des-etoiles-le-montagnard-saint-martin-de-belleville\/\"><img loading=\"lazy\" decoding=\"async\" width=\"739\" height=\"1600\" src=\"https:\/\/www.le-montagnard.com\/wp-content\/uploads\/2026\/07\/2dd732ee-ba09-4158-9a2b-8ca505eef69a.jpg\" class=\"jet-smart-listing__post-thumbnail-img post-thumbnail-img-simple wp-post-image\" alt=\"La Nuit des \u00c9toiles au Montagnard\" srcset=\"https:\/\/www.le-montagnard.com\/wp-content\/uploads\/2026\/07\/2dd732ee-ba09-4158-9a2b-8ca505eef69a.jpg 739w, https:\/\/www.le-montagnard.com\/wp-content\/uploads\/2026\/07\/2dd732ee-ba09-4158-9a2b-8ca505eef69a-139x300.jpg 139w, https:\/\/www.le-montagnard.com\/wp-content\/uploads\/2026\/07\/2dd732ee-ba09-4158-9a2b-8ca505eef69a-473x1024.jpg 473w, https:\/\/www.le-montagnard.com\/wp-content\/uploads\/2026\/07\/2dd732ee-ba09-4158-9a2b-8ca505eef69a-709x1536.jpg 709w, https:\/\/www.le-montagnard.com\/wp-content\/uploads\/2026\/07\/2dd732ee-ba09-4158-9a2b-8ca505eef69a-6x12.jpg 6w\" sizes=\"(max-width: 739px) 100vw, 739px\" \/><\/a><\/div>\t\t\t\t\t<div class=\"jet-smart-listing__post-content\"><div class=\"jet-smart-listing__post-title post-title-simple\"><a href=\"https:\/\/www.le-montagnard.com\/en\/nuit-des-etoiles-le-montagnard-saint-martin-de-belleville\/\">La Nuit des \u00c9toiles au Montagnard<\/a><\/div><div class=\"jet-smart-listing__meta\"><\/div><div class=\"jet-smart-listing__post-excerpt post-excerpt-simple\">Une soir\u00e9e gourmande sous le ciel des Belleville Le dimanche 9 ao\u00fbt, Le Montagnard vous invite \u00e0 vivre une...<\/div><div class=\"jet-smart-listing__more-wrap\"><a href=\"https:\/\/www.le-montagnard.com\/en\/nuit-des-etoiles-le-montagnard-saint-martin-de-belleville\/\" class=\"jet-smart-listing__more simple-more elementor-button elementor-size-md\"><span class=\"jet-smart-listing__more-text\">Lire<\/span><\/a><\/div><\/div>\n\t\t\t\t<\/div>\n\t\t\t<\/div>\n\t\t\t\t\t\t<div class=\"jet-smart-listing__post-wrapper\">\n\t\t\t\t<div class=\"jet-smart-listing__post has-post-thumb\">\n\t\t\t\t\t<div class=\"jet-smart-listing__terms\"><a href=\"https:\/\/www.le-montagnard.com\/en\/category\/animations\/\" class=\"jet-smart-listing__terms-link jet-smart-listing__terms-link--93\">Les \u00e9v\u00e8nements et animations<\/a><\/div>\t\t\t\t\t<div class=\"jet-smart-listing__post-thumbnail post-thumbnail-simple\"><a href=\"https:\/\/www.le-montagnard.com\/en\/fete-biere-saint-martin-de-belleville-le-montagnard\/\"><img loading=\"lazy\" decoding=\"async\" width=\"1414\" height=\"2000\" src=\"https:\/\/www.le-montagnard.com\/wp-content\/uploads\/2026\/07\/Burger-beer-et-bonne-humeur-2026-1.png\" class=\"jet-smart-listing__post-thumbnail-img post-thumbnail-img-simple wp-post-image\" alt=\"F\u00eate de la Bi\u00e8re au Montagnard\" srcset=\"https:\/\/www.le-montagnard.com\/wp-content\/uploads\/2026\/07\/Burger-beer-et-bonne-humeur-2026-1.png 1414w, https:\/\/www.le-montagnard.com\/wp-content\/uploads\/2026\/07\/Burger-beer-et-bonne-humeur-2026-1-212x300.png 212w, https:\/\/www.le-montagnard.com\/wp-content\/uploads\/2026\/07\/Burger-beer-et-bonne-humeur-2026-1-724x1024.png 724w, https:\/\/www.le-montagnard.com\/wp-content\/uploads\/2026\/07\/Burger-beer-et-bonne-humeur-2026-1-768x1086.png 768w, https:\/\/www.le-montagnard.com\/wp-content\/uploads\/2026\/07\/Burger-beer-et-bonne-humeur-2026-1-1086x1536.png 1086w, https:\/\/www.le-montagnard.com\/wp-content\/uploads\/2026\/07\/Burger-beer-et-bonne-humeur-2026-1-8x12.png 8w\" sizes=\"(max-width: 1414px) 100vw, 1414px\" \/><\/a><\/div>\t\t\t\t\t<div class=\"jet-smart-listing__post-content\"><div class=\"jet-smart-listing__post-title post-title-simple\"><a href=\"https:\/\/www.le-montagnard.com\/en\/fete-biere-saint-martin-de-belleville-le-montagnard\/\">F\u00eate de la Bi\u00e8re au Montagnard<\/a><\/div><div class=\"jet-smart-listing__meta\"><\/div><div class=\"jet-smart-listing__post-excerpt post-excerpt-simple\">Burgers, bi\u00e8res et ambiance festive \u00e0 Saint-Martin-de-Belleville Les 24 et 25 juillet, Le Montagnard s'appr\u00eate \u00e0 faire vibrer Saint-Martin-de-Belleville....<\/div><div class=\"jet-smart-listing__more-wrap\"><a href=\"https:\/\/www.le-montagnard.com\/en\/fete-biere-saint-martin-de-belleville-le-montagnard\/\" class=\"jet-smart-listing__more simple-more elementor-button elementor-size-md\"><span class=\"jet-smart-listing__more-text\">Lire<\/span><\/a><\/div><\/div>\n\t\t\t\t<\/div>\n\t\t\t<\/div>\n\t\t\t\t\t\t<div class=\"jet-smart-listing__post-wrapper\">\n\t\t\t\t<div class=\"jet-smart-listing__post has-post-thumb\">\n\t\t\t\t\t<div class=\"jet-smart-listing__terms\"><a href=\"https:\/\/www.le-montagnard.com\/en\/category\/animations\/\" class=\"jet-smart-listing__terms-link jet-smart-listing__terms-link--93\">Les \u00e9v\u00e8nements et animations<\/a><\/div>\t\t\t\t\t<div class=\"jet-smart-listing__post-thumbnail post-thumbnail-simple\"><a href=\"https:\/\/www.le-montagnard.com\/en\/restaurant-14-juillet-belleville\/\"><img loading=\"lazy\" decoding=\"async\" width=\"1536\" height=\"2048\" src=\"https:\/\/www.le-montagnard.com\/wp-content\/uploads\/2026\/07\/f4a8831f-1aa5-4a64-ad86-e58665241e73.jpg\" class=\"jet-smart-listing__post-thumbnail-img post-thumbnail-img-simple wp-post-image\" alt=\"Le Montagnard en F\u00eate\" srcset=\"https:\/\/www.le-montagnard.com\/wp-content\/uploads\/2026\/07\/f4a8831f-1aa5-4a64-ad86-e58665241e73.jpg 1536w, https:\/\/www.le-montagnard.com\/wp-content\/uploads\/2026\/07\/f4a8831f-1aa5-4a64-ad86-e58665241e73-225x300.jpg 225w, https:\/\/www.le-montagnard.com\/wp-content\/uploads\/2026\/07\/f4a8831f-1aa5-4a64-ad86-e58665241e73-768x1024.jpg 768w, https:\/\/www.le-montagnard.com\/wp-content\/uploads\/2026\/07\/f4a8831f-1aa5-4a64-ad86-e58665241e73-1152x1536.jpg 1152w, https:\/\/www.le-montagnard.com\/wp-content\/uploads\/2026\/07\/f4a8831f-1aa5-4a64-ad86-e58665241e73-9x12.jpg 9w\" sizes=\"(max-width: 1536px) 100vw, 1536px\" \/><\/a><\/div>\t\t\t\t\t<div class=\"jet-smart-listing__post-content\"><div class=\"jet-smart-listing__post-title post-title-simple\"><a href=\"https:\/\/www.le-montagnard.com\/en\/restaurant-14-juillet-belleville\/\">Le Montagnard en F\u00eate<\/a><\/div><div class=\"jet-smart-listing__meta\"><\/div><div class=\"jet-smart-listing__post-excerpt post-excerpt-simple\">C\u00e9l\u00e9brez le 14 juillet \u00e0 Saint-Martin-de-Belleville Le mardi 14 juillet, Le Montagnard vous ouvre ses portes pour une soir\u00e9e...<\/div><div class=\"jet-smart-listing__more-wrap\"><a href=\"https:\/\/www.le-montagnard.com\/en\/restaurant-14-juillet-belleville\/\" class=\"jet-smart-listing__more simple-more elementor-button elementor-size-md\"><span class=\"jet-smart-listing__more-text\">Lire<\/span><\/a><\/div><\/div>\n\t\t\t\t<\/div>\n\t\t\t<\/div>\n\t\t\t\t\t\t<div class=\"jet-smart-listing__post-wrapper\">\n\t\t\t\t<div class=\"jet-smart-listing__post has-post-thumb\">\n\t\t\t\t\t<div class=\"jet-smart-listing__terms\"><a href=\"https:\/\/www.le-montagnard.com\/en\/category\/les-3-vallees\/\" class=\"jet-smart-listing__terms-link jet-smart-listing__terms-link--48\">Les 3 Vall\u00e9es<\/a><\/div>\t\t\t\t\t<div class=\"jet-smart-listing__post-thumbnail post-thumbnail-simple\"><a href=\"https:\/\/www.le-montagnard.com\/en\/profiter-pleinement-de-lete-dans-les-belleville-avec-le-bureau-des-guides\/\"><img loading=\"lazy\" decoding=\"async\" width=\"400\" height=\"267\" src=\"https:\/\/www.le-montagnard.com\/wp-content\/uploads\/2026\/07\/guides-belleville-ete-st_martin-les_menuires-val_thorens-rando-lacs-altitude.jpg\" class=\"jet-smart-listing__post-thumbnail-img post-thumbnail-img-simple wp-post-image\" alt=\"Profiter pleinement de l\u2019\u00e9t\u00e9 dans les Belleville avec le Bureau des Guides\" srcset=\"https:\/\/www.le-montagnard.com\/wp-content\/uploads\/2026\/07\/guides-belleville-ete-st_martin-les_menuires-val_thorens-rando-lacs-altitude.jpg 400w, https:\/\/www.le-montagnard.com\/wp-content\/uploads\/2026\/07\/guides-belleville-ete-st_martin-les_menuires-val_thorens-rando-lacs-altitude-300x200.jpg 300w, https:\/\/www.le-montagnard.com\/wp-content\/uploads\/2026\/07\/guides-belleville-ete-st_martin-les_menuires-val_thorens-rando-lacs-altitude-18x12.jpg 18w\" sizes=\"(max-width: 400px) 100vw, 400px\" \/><\/a><\/div>\t\t\t\t\t<div class=\"jet-smart-listing__post-content\"><div class=\"jet-smart-listing__post-title post-title-simple\"><a href=\"https:\/\/www.le-montagnard.com\/en\/profiter-pleinement-de-lete-dans-les-belleville-avec-le-bureau-des-guides\/\">Profiter pleinement de l\u2019\u00e9t\u00e9 dans les Belleville avec le Bureau des Guides<\/a><\/div><div class=\"jet-smart-listing__meta\"><\/div><div class=\"jet-smart-listing__post-excerpt post-excerpt-simple\">L\u2019\u00e9t\u00e9 dans les Belleville ne se r\u00e9sume pas seulement aux belles terrasses, aux villages de caract\u00e8re et aux repas...<\/div><div class=\"jet-smart-listing__more-wrap\"><a href=\"https:\/\/www.le-montagnard.com\/en\/profiter-pleinement-de-lete-dans-les-belleville-avec-le-bureau-des-guides\/\" class=\"jet-smart-listing__more simple-more elementor-button elementor-size-md\"><span class=\"jet-smart-listing__more-text\">Lire<\/span><\/a><\/div><\/div>\n\t\t\t\t<\/div>\n\t\t\t<\/div>\n\t\t\t\t\t\t<div class=\"jet-smart-listing__post-wrapper\">\n\t\t\t\t<div class=\"jet-smart-listing__post has-post-thumb\">\n\t\t\t\t\t<div class=\"jet-smart-listing__terms\"><a href=\"https:\/\/www.le-montagnard.com\/en\/category\/terrasse\/\" class=\"jet-smart-listing__terms-link jet-smart-listing__terms-link--74\">La terrasse<\/a><\/div>\t\t\t\t\t<div class=\"jet-smart-listing__post-thumbnail post-thumbnail-simple\"><a href=\"https:\/\/www.le-montagnard.com\/en\/animations-ete-montagnard-saint-martin-belleville\/\"><img decoding=\"async\" src=\"https:\/\/www.le-montagnard.com\/wp-content\/uploads\/2024\/07\/2400711_LeMontagnard-L.Brochot-59.jpg\" class=\"jet-smart-listing__post-thumbnail-img post-thumbnail-img-simple wp-post-image\" alt=\"L&rsquo;\u00e9t\u00e9 s&rsquo;annonce festif au Montagnard !\" \/><\/a><\/div>\t\t\t\t\t<div class=\"jet-smart-listing__post-content\"><div class=\"jet-smart-listing__post-title post-title-simple\"><a href=\"https:\/\/www.le-montagnard.com\/en\/animations-ete-montagnard-saint-martin-belleville\/\">L&rsquo;\u00e9t\u00e9 s&rsquo;annonce festif au Montagnard !<\/a><\/div><div class=\"jet-smart-listing__meta\"><\/div><div class=\"jet-smart-listing__post-excerpt post-excerpt-simple\">Nous sommes ravis de retrouver cette saison le groupe Sunny Side Up Duo, qui viendra animer vos d\u00e9jeuners dans...<\/div><div class=\"jet-smart-listing__more-wrap\"><a href=\"https:\/\/www.le-montagnard.com\/en\/animations-ete-montagnard-saint-martin-belleville\/\" class=\"jet-smart-listing__more simple-more elementor-button elementor-size-md\"><span class=\"jet-smart-listing__more-text\">Lire<\/span><\/a><\/div><\/div>\n\t\t\t\t<\/div>\n\t\t\t<\/div>\n\t\t\t\t\t\t<div class=\"jet-smart-listing__post-wrapper\">\n\t\t\t\t<div class=\"jet-smart-listing__post has-post-thumb\">\n\t\t\t\t\t<div class=\"jet-smart-listing__terms\"><a href=\"https:\/\/www.le-montagnard.com\/en\/category\/terrasse\/\" class=\"jet-smart-listing__terms-link jet-smart-listing__terms-link--74\">La terrasse<\/a><\/div>\t\t\t\t\t<div class=\"jet-smart-listing__post-thumbnail post-thumbnail-simple\"><a href=\"https:\/\/www.le-montagnard.com\/en\/aire-de-jeux-enfants\/\"><img loading=\"lazy\" decoding=\"async\" width=\"1367\" height=\"2048\" src=\"https:\/\/www.le-montagnard.com\/wp-content\/uploads\/2023\/07\/CB14672.jpg\" class=\"jet-smart-listing__post-thumbnail-img post-thumbnail-img-simple wp-post-image\" alt=\"Une aire de jeux pour les enfants : \u00e7a joue !\" srcset=\"https:\/\/www.le-montagnard.com\/wp-content\/uploads\/2023\/07\/CB14672.jpg 1367w, https:\/\/www.le-montagnard.com\/wp-content\/uploads\/2023\/07\/CB14672-200x300.jpg 200w, https:\/\/www.le-montagnard.com\/wp-content\/uploads\/2023\/07\/CB14672-684x1024.jpg 684w, https:\/\/www.le-montagnard.com\/wp-content\/uploads\/2023\/07\/CB14672-768x1151.jpg 768w, https:\/\/www.le-montagnard.com\/wp-content\/uploads\/2023\/07\/CB14672-1025x1536.jpg 1025w, https:\/\/www.le-montagnard.com\/wp-content\/uploads\/2023\/07\/CB14672-8x12.jpg 8w, https:\/\/www.le-montagnard.com\/wp-content\/uploads\/2023\/07\/CB14672-600x899.jpg 600w\" sizes=\"(max-width: 1367px) 100vw, 1367px\" \/><\/a><\/div>\t\t\t\t\t<div class=\"jet-smart-listing__post-content\"><div class=\"jet-smart-listing__post-title post-title-simple\"><a href=\"https:\/\/www.le-montagnard.com\/en\/aire-de-jeux-enfants\/\">Une aire de jeux pour les enfants : \u00e7a joue !<\/a><\/div><div class=\"jet-smart-listing__meta\"><\/div><div class=\"jet-smart-listing__post-excerpt post-excerpt-simple\">Au Montagnard, nous savons combien il est important de profiter d\u2019un moment de d\u00e9tente en famille, o\u00f9 petits et...<\/div><div class=\"jet-smart-listing__more-wrap\"><a href=\"https:\/\/www.le-montagnard.com\/en\/aire-de-jeux-enfants\/\" class=\"jet-smart-listing__more simple-more elementor-button elementor-size-md\"><span class=\"jet-smart-listing__more-text\">Lire<\/span><\/a><\/div><\/div>\n\t\t\t\t<\/div>\n\t\t\t<\/div>\n\t\t\t\t\t\t<div class=\"jet-smart-listing__post-wrapper\">\n\t\t\t\t<div class=\"jet-smart-listing__post has-post-thumb\">\n\t\t\t\t\t<div class=\"jet-smart-listing__terms\"><a href=\"https:\/\/www.le-montagnard.com\/en\/category\/dans-la-presse\/\" class=\"jet-smart-listing__terms-link jet-smart-listing__terms-link--51\">Dans la presse<\/a><\/div>\t\t\t\t\t<div class=\"jet-smart-listing__post-thumbnail post-thumbnail-simple\"><a href=\"https:\/\/www.le-montagnard.com\/en\/distinction-gault-millau\/\"><img loading=\"lazy\" decoding=\"async\" width=\"600\" height=\"600\" src=\"https:\/\/www.le-montagnard.com\/wp-content\/uploads\/2024\/03\/gaultmillau-NL-2.jpg\" class=\"jet-smart-listing__post-thumbnail-img post-thumbnail-img-simple wp-post-image\" alt=\"Distinction Gault &#038; Millau 2024\" srcset=\"https:\/\/www.le-montagnard.com\/wp-content\/uploads\/2024\/03\/gaultmillau-NL-2.jpg 600w, https:\/\/www.le-montagnard.com\/wp-content\/uploads\/2024\/03\/gaultmillau-NL-2-300x300.jpg 300w, https:\/\/www.le-montagnard.com\/wp-content\/uploads\/2024\/03\/gaultmillau-NL-2-150x150.jpg 150w, https:\/\/www.le-montagnard.com\/wp-content\/uploads\/2024\/03\/gaultmillau-NL-2-12x12.jpg 12w, https:\/\/www.le-montagnard.com\/wp-content\/uploads\/2024\/03\/gaultmillau-NL-2-230x230.jpg 230w, https:\/\/www.le-montagnard.com\/wp-content\/uploads\/2024\/03\/gaultmillau-NL-2-400x400.jpg 400w\" sizes=\"(max-width: 600px) 100vw, 600px\" \/><\/a><\/div>\t\t\t\t\t<div class=\"jet-smart-listing__post-content\"><div class=\"jet-smart-listing__post-title post-title-simple\"><a href=\"https:\/\/www.le-montagnard.com\/en\/distinction-gault-millau\/\">Distinction Gault &#038; Millau 2024<\/a><\/div><div class=\"jet-smart-listing__meta\"><\/div><div class=\"jet-smart-listing__post-excerpt post-excerpt-simple\">Nous sommes ravis de partager notre nouvelle reconnaissance dans le prestigieux guide gastronomique de renomm\u00e9e internationale. Avec une mention...<\/div><div class=\"jet-smart-listing__more-wrap\"><a href=\"https:\/\/www.le-montagnard.com\/en\/distinction-gault-millau\/\" class=\"jet-smart-listing__more simple-more elementor-button elementor-size-md\"><span class=\"jet-smart-listing__more-text\">Lire<\/span><\/a><\/div><\/div>\n\t\t\t\t<\/div>\n\t\t\t<\/div>\n\t\t\t\t\t\t<div class=\"jet-smart-listing__post-wrapper\">\n\t\t\t\t<div class=\"jet-smart-listing__post has-post-thumb\">\n\t\t\t\t\t<div class=\"jet-smart-listing__terms\"><a href=\"https:\/\/www.le-montagnard.com\/en\/category\/nos-fournisseurs\/\" class=\"jet-smart-listing__terms-link jet-smart-listing__terms-link--81\">Nos fournisseurs<\/a><\/div>\t\t\t\t\t<div class=\"jet-smart-listing__post-thumbnail post-thumbnail-simple\"><a href=\"https:\/\/www.le-montagnard.com\/en\/eric-jacquier-nouveau-fournisseur\/\"><img loading=\"lazy\" decoding=\"async\" width=\"1600\" height=\"1200\" src=\"https:\/\/www.le-montagnard.com\/wp-content\/uploads\/2023\/11\/1700474054343.jpg\" class=\"jet-smart-listing__post-thumbnail-img post-thumbnail-img-simple wp-post-image\" alt=\"Eric JACQUIER, notre nouveau fournisseur de poisson cet hiver !\" srcset=\"https:\/\/www.le-montagnard.com\/wp-content\/uploads\/2023\/11\/1700474054343.jpg 1600w, https:\/\/www.le-montagnard.com\/wp-content\/uploads\/2023\/11\/1700474054343-300x225.jpg 300w, https:\/\/www.le-montagnard.com\/wp-content\/uploads\/2023\/11\/1700474054343-1024x768.jpg 1024w, https:\/\/www.le-montagnard.com\/wp-content\/uploads\/2023\/11\/1700474054343-768x576.jpg 768w, https:\/\/www.le-montagnard.com\/wp-content\/uploads\/2023\/11\/1700474054343-1536x1152.jpg 1536w, https:\/\/www.le-montagnard.com\/wp-content\/uploads\/2023\/11\/1700474054343-16x12.jpg 16w, https:\/\/www.le-montagnard.com\/wp-content\/uploads\/2023\/11\/1700474054343-600x450.jpg 600w\" sizes=\"(max-width: 1600px) 100vw, 1600px\" \/><\/a><\/div>\t\t\t\t\t<div class=\"jet-smart-listing__post-content\"><div class=\"jet-smart-listing__post-title post-title-simple\"><a href=\"https:\/\/www.le-montagnard.com\/en\/eric-jacquier-nouveau-fournisseur\/\">Eric JACQUIER, notre nouveau fournisseur de poisson cet hiver !<\/a><\/div><div class=\"jet-smart-listing__meta\"><\/div><div class=\"jet-smart-listing__post-excerpt post-excerpt-simple\">Valentin et Julien ont rendu visite \u00e0 notre nouveau poissonnier local sur les rives du Lac L\u00e9man : Eric...<\/div><div class=\"jet-smart-listing__more-wrap\"><a href=\"https:\/\/www.le-montagnard.com\/en\/eric-jacquier-nouveau-fournisseur\/\" class=\"jet-smart-listing__more simple-more elementor-button elementor-size-md\"><span class=\"jet-smart-listing__more-text\">Lire<\/span><\/a><\/div><\/div>\n\t\t\t\t<\/div>\n\t\t\t<\/div>\n\t\t\t\t\t\t<div class=\"jet-smart-listing__post-wrapper\">\n\t\t\t\t<div class=\"jet-smart-listing__post has-post-thumb\">\n\t\t\t\t\t<div class=\"jet-smart-listing__terms\"><a href=\"https:\/\/www.le-montagnard.com\/en\/category\/nos-fournisseurs\/\" class=\"jet-smart-listing__terms-link jet-smart-listing__terms-link--81\">Nos fournisseurs<\/a><\/div>\t\t\t\t\t<div class=\"jet-smart-listing__post-thumbnail post-thumbnail-simple\"><a href=\"https:\/\/www.le-montagnard.com\/en\/nos-fournisseurs-a-l-honneur\/\"><img loading=\"lazy\" decoding=\"async\" width=\"1280\" height=\"1917\" src=\"https:\/\/www.le-montagnard.com\/wp-content\/uploads\/2023\/10\/1695392362004.jpg\" class=\"jet-smart-listing__post-thumbnail-img post-thumbnail-img-simple wp-post-image\" alt=\"Nos fournisseurs \u00e0 l&rsquo;honneur !\" srcset=\"https:\/\/www.le-montagnard.com\/wp-content\/uploads\/2023\/10\/1695392362004.jpg 1280w, https:\/\/www.le-montagnard.com\/wp-content\/uploads\/2023\/10\/1695392362004-200x300.jpg 200w, https:\/\/www.le-montagnard.com\/wp-content\/uploads\/2023\/10\/1695392362004-684x1024.jpg 684w, https:\/\/www.le-montagnard.com\/wp-content\/uploads\/2023\/10\/1695392362004-768x1150.jpg 768w, https:\/\/www.le-montagnard.com\/wp-content\/uploads\/2023\/10\/1695392362004-1026x1536.jpg 1026w, https:\/\/www.le-montagnard.com\/wp-content\/uploads\/2023\/10\/1695392362004-8x12.jpg 8w, https:\/\/www.le-montagnard.com\/wp-content\/uploads\/2023\/10\/1695392362004-600x899.jpg 600w\" sizes=\"(max-width: 1280px) 100vw, 1280px\" \/><\/a><\/div>\t\t\t\t\t<div class=\"jet-smart-listing__post-content\"><div class=\"jet-smart-listing__post-title post-title-simple\"><a href=\"https:\/\/www.le-montagnard.com\/en\/nos-fournisseurs-a-l-honneur\/\">Nos fournisseurs \u00e0 l&rsquo;honneur !<\/a><\/div><div class=\"jet-smart-listing__meta\"><\/div><div class=\"jet-smart-listing__post-excerpt post-excerpt-simple\">Nous souhaitons vous offrir la qualit\u00e9 d\u2019une huile d\u2019olive de fabrication fran\u00e7aise comme un cadeau sur votre table, pour...<\/div><div class=\"jet-smart-listing__more-wrap\"><a href=\"https:\/\/www.le-montagnard.com\/en\/nos-fournisseurs-a-l-honneur\/\" class=\"jet-smart-listing__more simple-more elementor-button elementor-size-md\"><span class=\"jet-smart-listing__more-text\">Lire<\/span><\/a><\/div><\/div>\n\t\t\t\t<\/div>\n\t\t\t<\/div>\n\t\t\t\t\t\t<div class=\"jet-smart-listing__post-wrapper\">\n\t\t\t\t<div class=\"jet-smart-listing__post has-post-thumb\">\n\t\t\t\t\t<div class=\"jet-smart-listing__terms\"><a href=\"https:\/\/www.le-montagnard.com\/en\/category\/nouveaux-plats\/\" class=\"jet-smart-listing__terms-link jet-smart-listing__terms-link--1\">Nouveaux plats<\/a><\/div>\t\t\t\t\t<div class=\"jet-smart-listing__post-thumbnail post-thumbnail-simple\"><a href=\"https:\/\/www.le-montagnard.com\/en\/selection-de-vins-locaux-du-domaine-quenard\/\"><img loading=\"lazy\" decoding=\"async\" width=\"2546\" height=\"2560\" src=\"https:\/\/www.le-montagnard.com\/wp-content\/uploads\/2023\/02\/DSC_7653-2-scaled.jpg\" class=\"jet-smart-listing__post-thumbnail-img post-thumbnail-img-simple wp-post-image\" alt=\"D\u00e9couvrez notre s\u00e9lection de vins locaux du Domaine Quenard\" srcset=\"https:\/\/www.le-montagnard.com\/wp-content\/uploads\/2023\/02\/DSC_7653-2-scaled.jpg 2546w, https:\/\/www.le-montagnard.com\/wp-content\/uploads\/2023\/02\/DSC_7653-2-298x300.jpg 298w, https:\/\/www.le-montagnard.com\/wp-content\/uploads\/2023\/02\/DSC_7653-2-1019x1024.jpg 1019w, https:\/\/www.le-montagnard.com\/wp-content\/uploads\/2023\/02\/DSC_7653-2-150x150.jpg 150w, https:\/\/www.le-montagnard.com\/wp-content\/uploads\/2023\/02\/DSC_7653-2-768x772.jpg 768w, https:\/\/www.le-montagnard.com\/wp-content\/uploads\/2023\/02\/DSC_7653-2-1528x1536.jpg 1528w, https:\/\/www.le-montagnard.com\/wp-content\/uploads\/2023\/02\/DSC_7653-2-2037x2048.jpg 2037w, https:\/\/www.le-montagnard.com\/wp-content\/uploads\/2023\/02\/DSC_7653-2-12x12.jpg 12w, https:\/\/www.le-montagnard.com\/wp-content\/uploads\/2023\/02\/DSC_7653-2-230x230.jpg 230w, https:\/\/www.le-montagnard.com\/wp-content\/uploads\/2023\/02\/DSC_7653-2-600x603.jpg 600w\" sizes=\"(max-width: 2546px) 100vw, 2546px\" \/><\/a><\/div>\t\t\t\t\t<div class=\"jet-smart-listing__post-content\"><div class=\"jet-smart-listing__post-title post-title-simple\"><a href=\"https:\/\/www.le-montagnard.com\/en\/selection-de-vins-locaux-du-domaine-quenard\/\">D\u00e9couvrez notre s\u00e9lection de vins locaux du Domaine Quenard<\/a><\/div><div class=\"jet-smart-listing__meta\"><\/div><div class=\"jet-smart-listing__post-excerpt post-excerpt-simple\">Nous avons s\u00e9lectionn\u00e9 pour vous des vins de Savoie d&rsquo;exception !<\/div><div class=\"jet-smart-listing__more-wrap\"><a href=\"https:\/\/www.le-montagnard.com\/en\/selection-de-vins-locaux-du-domaine-quenard\/\" class=\"jet-smart-listing__more simple-more elementor-button elementor-size-md\"><span class=\"jet-smart-listing__more-text\">Lire<\/span><\/a><\/div><\/div>\n\t\t\t\t<\/div>\n\t\t\t<\/div>\n\t\t\t<\/div>\n<\/div>\n\t<div class=\"jet-smart-listing__arrows\"><div class=\"jet-smart-listing__arrow jet-arrow-prev jet-arrow-disabled\" data-dir=\"prev\"><svg width=\"24\" height=\"24\" viewBox=\"0 0 24 24\" fill=\"none\" xmlns=\"http:\/\/www.w3.org\/2000\/svg\"><path d=\"M14.625 5.3999L16.3 7.0749L11.35 12.0249L16.3 16.9749L14.625 18.6499L7.99999 12.0249L14.625 5.3999Z\" fill=\"#0F172A\"\/><\/svg><\/div><div class=\"jet-smart-listing__arrow jet-arrow-next jet-arrow-disabled\" data-dir=\"next\"><svg width=\"24\" height=\"24\" viewBox=\"0 0 24 24\" fill=\"none\" xmlns=\"http:\/\/www.w3.org\/2000\/svg\"><path d=\"M9.37501 18.6001L7.70001 16.9251L12.65 11.9751L7.70001 7.0251L9.37501 5.3501L16 11.9751L9.37501 18.6001Z\" fill=\"#0F172A\"\/><\/svg><\/div><\/div><\/div>\n<div class=\"jet-smart-listing-loading\"><\/div><\/div>\t\t\t\t<\/div>\n\t\t\t\t<\/div>\n\t\t\t\t<div class=\"elementor-element elementor-element-149bd5e elementor-widget elementor-widget-image\" data-id=\"149bd5e\" data-element_type=\"widget\" data-e-type=\"widget\" data-widget_type=\"image.default\">\n\t\t\t\t<div class=\"elementor-widget-container\">\n\t\t\t\t\t\t\t\t\t\t\t\t\t\t\t<img decoding=\"async\" src=\"https:\/\/www.le-montagnard.com\/wp-content\/plugins\/elementor\/assets\/images\/placeholder.png\" title=\"\" alt=\"\" loading=\"lazy\" \/>\t\t\t\t\t\t\t\t\t\t\t\t\t\t\t<\/div>\n\t\t\t\t<\/div>\n\t\t\t\t<\/div>\n\t\t<div class=\"elementor-element elementor-element-acdf845 e-flex e-con-boxed e-con e-parent\" data-id=\"acdf845\" data-element_type=\"container\" data-e-type=\"container\" data-settings=\"{&quot;jet_parallax_layout_list&quot;:[]}\">\n\t\t\t\t\t<div class=\"e-con-inner\">\n\t\t\t\t\t<\/div>\n\t\t\t\t<\/div>\n\t\t\t\t<\/div>\n\t\t","protected":false},"excerpt":{"rendered":"<p>Les actualit\u00e9s du Montagnard \u00e0 Saint-Martin-de-Belleville Retrouvez toute l&rsquo;actualit\u00e9 du restaurant Le Montagnard, les nouveaut\u00e9s culinaires, la vie de l&rsquo;\u00e9quipe, nos fournisseurs, les acteurs des Belleville, et les derniers articles de presse qui parlent de nous. Vous trouverez \u00e9galement toutes les news sur le village de Saint Martin de Belleville, et les 3 Vall\u00e9es, toutes [&hellip;]<\/p>\n","protected":false},"author":1,"featured_media":0,"parent":0,"menu_order":0,"comment_status":"closed","ping_status":"closed","template":"elementor_header_footer","meta":{"footnotes":""},"class_list":["post-2829","page","type-page","status-publish","hentry"],"yoast_head":"<!-- This site is optimized with the Yoast SEO plugin v28.4 - https:\/\/yoast.com\/product\/yoast-seo-wordpress\/ -->\n<title>Actualit\u00e9s - restaurant Le Montagnard - Saint Martin de Belleville<\/title>\n<meta name=\"description\" content=\"Retrouvez toute l&#039;actualit\u00e9 du restaurant le montagnard \u00e0 Saint Martin de Belleville, 3 Vall\u00e9es, Alpes fran\u00e7aises : nouveaux plats\" \/>\n<meta name=\"robots\" content=\"index, follow, max-snippet:-1, max-image-preview:large, max-video-preview:-1\" \/>\n<link rel=\"canonical\" href=\"https:\/\/www.le-montagnard.com\/en\/blog\/\" \/>\n<meta property=\"og:locale\" content=\"en_GB\" \/>\n<meta property=\"og:type\" content=\"article\" \/>\n<meta property=\"og:title\" content=\"Actualit\u00e9s - restaurant Le Montagnard - Saint Martin de Belleville\" \/>\n<meta property=\"og:description\" content=\"Retrouvez toute l&#039;actualit\u00e9 du restaurant le montagnard \u00e0 Saint Martin de Belleville, 3 Vall\u00e9es, Alpes fran\u00e7aises : nouveaux plats\" \/>\n<meta property=\"og:url\" content=\"https:\/\/www.le-montagnard.com\/en\/blog\/\" \/>\n<meta property=\"og:site_name\" content=\"Le Montagnard\" \/>\n<meta property=\"article:modified_time\" content=\"2026-08-17T19:10:01+00:00\" \/>\n<meta name=\"twitter:card\" content=\"summary_large_image\" \/>\n<meta name=\"twitter:label1\" content=\"Estimated reading time\" \/>\n\t<meta name=\"twitter:data1\" content=\"10 minutes\" \/>\n<script type=\"application\/ld+json\" class=\"yoast-schema-graph\">{\"@context\":\"https:\\\/\\\/schema.org\",\"@graph\":[{\"@type\":\"WebPage\",\"@id\":\"https:\\\/\\\/www.le-montagnard.com\\\/blog\\\/\",\"url\":\"https:\\\/\\\/www.le-montagnard.com\\\/blog\\\/\",\"name\":\"Actualit\u00e9s - restaurant Le Montagnard - Saint Martin de Belleville\",\"isPartOf\":{\"@id\":\"https:\\\/\\\/www.le-montagnard.com\\\/#website\"},\"primaryImageOfPage\":{\"@id\":\"https:\\\/\\\/www.le-montagnard.com\\\/blog\\\/#primaryimage\"},\"image\":{\"@id\":\"https:\\\/\\\/www.le-montagnard.com\\\/blog\\\/#primaryimage\"},\"thumbnailUrl\":\"https:\\\/\\\/www.le-montagnard.com\\\/wp-content\\\/uploads\\\/2020\\\/11\\\/Fichier-1.svg\",\"datePublished\":\"2021-12-10T13:29:27+00:00\",\"dateModified\":\"2026-08-17T19:10:01+00:00\",\"description\":\"Retrouvez toute l'actualit\u00e9 du restaurant le montagnard \u00e0 Saint Martin de Belleville, 3 Vall\u00e9es, Alpes fran\u00e7aises : nouveaux plats\",\"breadcrumb\":{\"@id\":\"https:\\\/\\\/www.le-montagnard.com\\\/blog\\\/#breadcrumb\"},\"inLanguage\":\"en-GB\",\"potentialAction\":[{\"@type\":\"ReadAction\",\"target\":[\"https:\\\/\\\/www.le-montagnard.com\\\/blog\\\/\"]}]},{\"@type\":\"ImageObject\",\"inLanguage\":\"en-GB\",\"@id\":\"https:\\\/\\\/www.le-montagnard.com\\\/blog\\\/#primaryimage\",\"url\":\"https:\\\/\\\/www.le-montagnard.com\\\/wp-content\\\/uploads\\\/2020\\\/11\\\/Fichier-1.svg\",\"contentUrl\":\"https:\\\/\\\/www.le-montagnard.com\\\/wp-content\\\/uploads\\\/2020\\\/11\\\/Fichier-1.svg\"},{\"@type\":\"BreadcrumbList\",\"@id\":\"https:\\\/\\\/www.le-montagnard.com\\\/blog\\\/#breadcrumb\",\"itemListElement\":[{\"@type\":\"ListItem\",\"position\":1,\"name\":\"Accueil\",\"item\":\"https:\\\/\\\/www.le-montagnard.com\\\/\"},{\"@type\":\"ListItem\",\"position\":2,\"name\":\"Actualit\u00e9s\"}]},{\"@type\":\"WebSite\",\"@id\":\"https:\\\/\\\/www.le-montagnard.com\\\/#website\",\"url\":\"https:\\\/\\\/www.le-montagnard.com\\\/\",\"name\":\"Le Montagnard\",\"description\":\"Restaurant - Saint Martin de Belleville\",\"potentialAction\":[{\"@type\":\"SearchAction\",\"target\":{\"@type\":\"EntryPoint\",\"urlTemplate\":\"https:\\\/\\\/www.le-montagnard.com\\\/?s={search_term_string}\"},\"query-input\":{\"@type\":\"PropertyValueSpecification\",\"valueRequired\":true,\"valueName\":\"search_term_string\"}}],\"inLanguage\":\"en-GB\"}]}<\/script>\n<!-- \/ Yoast SEO plugin. -->","yoast_head_json":{"title":"Actualit\u00e9s - restaurant Le Montagnard - Saint Martin de Belleville","description":"Retrouvez toute l'actualit\u00e9 du restaurant le montagnard \u00e0 Saint Martin de Belleville, 3 Vall\u00e9es, Alpes fran\u00e7aises : nouveaux plats","robots":{"index":"index","follow":"follow","max-snippet":"max-snippet:-1","max-image-preview":"max-image-preview:large","max-video-preview":"max-video-preview:-1"},"canonical":"https:\/\/www.le-montagnard.com\/en\/blog\/","og_locale":"en_GB","og_type":"article","og_title":"Actualit\u00e9s - restaurant Le Montagnard - Saint Martin de Belleville","og_description":"Retrouvez toute l'actualit\u00e9 du restaurant le montagnard \u00e0 Saint Martin de Belleville, 3 Vall\u00e9es, Alpes fran\u00e7aises : nouveaux plats","og_url":"https:\/\/www.le-montagnard.com\/en\/blog\/","og_site_name":"Le Montagnard","article_modified_time":"2026-08-17T19:10:01+00:00","twitter_card":"summary_large_image","twitter_misc":{"Estimated reading time":"10 minutes"},"schema":{"@context":"https:\/\/schema.org","@graph":[{"@type":"WebPage","@id":"https:\/\/www.le-montagnard.com\/blog\/","url":"https:\/\/www.le-montagnard.com\/blog\/","name":"Actualit\u00e9s - restaurant Le Montagnard - Saint Martin de Belleville","isPartOf":{"@id":"https:\/\/www.le-montagnard.com\/#website"},"primaryImageOfPage":{"@id":"https:\/\/www.le-montagnard.com\/blog\/#primaryimage"},"image":{"@id":"https:\/\/www.le-montagnard.com\/blog\/#primaryimage"},"thumbnailUrl":"https:\/\/www.le-montagnard.com\/wp-content\/uploads\/2020\/11\/Fichier-1.svg","datePublished":"2021-12-10T13:29:27+00:00","dateModified":"2026-08-17T19:10:01+00:00","description":"Retrouvez toute l'actualit\u00e9 du restaurant le montagnard \u00e0 Saint Martin de Belleville, 3 Vall\u00e9es, Alpes fran\u00e7aises : nouveaux plats","breadcrumb":{"@id":"https:\/\/www.le-montagnard.com\/blog\/#breadcrumb"},"inLanguage":"en-GB","potentialAction":[{"@type":"ReadAction","target":["https:\/\/www.le-montagnard.com\/blog\/"]}]},{"@type":"ImageObject","inLanguage":"en-GB","@id":"https:\/\/www.le-montagnard.com\/blog\/#primaryimage","url":"https:\/\/www.le-montagnard.com\/wp-content\/uploads\/2020\/11\/Fichier-1.svg","contentUrl":"https:\/\/www.le-montagnard.com\/wp-content\/uploads\/2020\/11\/Fichier-1.svg"},{"@type":"BreadcrumbList","@id":"https:\/\/www.le-montagnard.com\/blog\/#breadcrumb","itemListElement":[{"@type":"ListItem","position":1,"name":"Accueil","item":"https:\/\/www.le-montagnard.com\/"},{"@type":"ListItem","position":2,"name":"Actualit\u00e9s"}]},{"@type":"WebSite","@id":"https:\/\/www.le-montagnard.com\/#website","url":"https:\/\/www.le-montagnard.com\/","name":"Le Montagnard restaurant","description":"Restaurant - Saint Martin de Belleville","potentialAction":[{"@type":"SearchAction","target":{"@type":"EntryPoint","urlTemplate":"https:\/\/www.le-montagnard.com\/?s={search_term_string}"},"query-input":{"@type":"PropertyValueSpecification","valueRequired":true,"valueName":"search_term_string"}}],"inLanguage":"en-GB"}]}},"_links":{"self":[{"href":"https:\/\/www.le-montagnard.com\/en\/wp-json\/wp\/v2\/pages\/2829","targetHints":{"allow":["GET"]}}],"collection":[{"href":"https:\/\/www.le-montagnard.com\/en\/wp-json\/wp\/v2\/pages"}],"about":[{"href":"https:\/\/www.le-montagnard.com\/en\/wp-json\/wp\/v2\/types\/page"}],"author":[{"embeddable":true,"href":"https:\/\/www.le-montagnard.com\/en\/wp-json\/wp\/v2\/users\/1"}],"replies":[{"embeddable":true,"href":"https:\/\/www.le-montagnard.com\/en\/wp-json\/wp\/v2\/comments?post=2829"}],"version-history":[{"count":33,"href":"https:\/\/www.le-montagnard.com\/en\/wp-json\/wp\/v2\/pages\/2829\/revisions"}],"predecessor-version":[{"id":28348,"href":"https:\/\/www.le-montagnard.com\/en\/wp-json\/wp\/v2\/pages\/2829\/revisions\/28348"}],"wp:attachment":[{"href":"https:\/\/www.le-montagnard.com\/en\/wp-json\/wp\/v2\/media?parent=2829"}],"curies":[{"name":"wp","href":"https:\/\/api.w.org\/{rel}","templated":true}]}}