{"id":2289,"date":"2021-09-10T09:06:47","date_gmt":"2021-09-10T07:06:47","guid":{"rendered":"https:\/\/dw6hlybnqwx.preview.infomaniak.website\/?page_id=2289"},"modified":"2026-04-28T12:15:41","modified_gmt":"2026-04-28T10:15:41","slug":"reservation-restaurant-le-montagnard-st-martin-de-belleville","status":"publish","type":"page","link":"https:\/\/www.le-montagnard.com\/en\/reservation-restaurant-le-montagnard-st-martin-de-belleville\/","title":{"rendered":"Book a table"},"content":{"rendered":"\t\t<div data-elementor-type=\"wp-page\" data-elementor-id=\"2289\" class=\"elementor elementor-2289\" data-elementor-post-type=\"page\">\n\t\t\t\t<div class=\"elementor-element elementor-element-ebfb1c6 e-con-full e-flex e-con e-parent\" data-id=\"ebfb1c6\" data-element_type=\"container\" data-e-type=\"container\" data-settings=\"{&quot;jet_parallax_layout_list&quot;:[{&quot;jet_parallax_layout_image&quot;:{&quot;url&quot;:&quot;&quot;,&quot;id&quot;:&quot;&quot;,&quot;size&quot;:&quot;&quot;},&quot;_id&quot;:&quot;624c18a&quot;,&quot;jet_parallax_layout_image_tablet&quot;:{&quot;url&quot;:&quot;&quot;,&quot;id&quot;:&quot;&quot;,&quot;size&quot;:&quot;&quot;},&quot;jet_parallax_layout_image_mobile&quot;:{&quot;url&quot;:&quot;&quot;,&quot;id&quot;:&quot;&quot;,&quot;size&quot;:&quot;&quot;},&quot;jet_parallax_layout_speed&quot;:{&quot;unit&quot;:&quot;%&quot;,&quot;size&quot;:50,&quot;sizes&quot;:[]},&quot;jet_parallax_layout_type&quot;:&quot;scroll&quot;,&quot;jet_parallax_layout_direction&quot;:&quot;1&quot;,&quot;jet_parallax_layout_fx_direction&quot;:null,&quot;jet_parallax_layout_z_index&quot;:&quot;&quot;,&quot;jet_parallax_layout_bg_x&quot;:50,&quot;jet_parallax_layout_bg_x_tablet&quot;:&quot;&quot;,&quot;jet_parallax_layout_bg_x_mobile&quot;:&quot;&quot;,&quot;jet_parallax_layout_bg_y&quot;:50,&quot;jet_parallax_layout_bg_y_tablet&quot;:&quot;&quot;,&quot;jet_parallax_layout_bg_y_mobile&quot;:&quot;&quot;,&quot;jet_parallax_layout_bg_size&quot;:&quot;auto&quot;,&quot;jet_parallax_layout_bg_size_tablet&quot;:&quot;&quot;,&quot;jet_parallax_layout_bg_size_mobile&quot;:&quot;&quot;,&quot;jet_parallax_layout_animation_prop&quot;:&quot;transform&quot;,&quot;jet_parallax_layout_on&quot;:[&quot;desktop&quot;,&quot;tablet&quot;]}],&quot;background_background&quot;:&quot;gradient&quot;}\">\n\t\t<div class=\"elementor-element elementor-element-59ebfd3 e-con-full elementor-hidden-tablet elementor-hidden-mobile e-flex e-con e-child\" data-id=\"59ebfd3\" data-element_type=\"container\" data-e-type=\"container\" data-settings=\"{&quot;background_background&quot;:&quot;classic&quot;,&quot;jet_parallax_layout_list&quot;:[]}\">\n\t\t<div class=\"elementor-element elementor-element-bf3ef08 e-flex e-con-boxed e-con e-child\" data-id=\"bf3ef08\" data-element_type=\"container\" data-e-type=\"container\" data-settings=\"{&quot;background_background&quot;:&quot;classic&quot;,&quot;jet_parallax_layout_list&quot;:[]}\">\n\t\t\t\t\t<div class=\"e-con-inner\">\n\t\t\t\t\t<\/div>\n\t\t\t\t<\/div>\n\t\t\t\t<\/div>\n\t\t<div class=\"elementor-element elementor-element-42f91f1 e-con-full e-flex e-con e-child\" data-id=\"42f91f1\" data-element_type=\"container\" data-e-type=\"container\" data-settings=\"{&quot;background_background&quot;:&quot;classic&quot;,&quot;jet_parallax_layout_list&quot;:[]}\">\n\t\t<div class=\"elementor-element elementor-element-b9d10ac e-con-full e-flex e-con e-child\" data-id=\"b9d10ac\" data-element_type=\"container\" data-e-type=\"container\" data-settings=\"{&quot;jet_parallax_layout_list&quot;:[]}\">\n\t\t\t\t<div class=\"elementor-element elementor-element-c9f3e80 elementor-widget elementor-widget-heading\" data-id=\"c9f3e80\" data-element_type=\"widget\" data-e-type=\"widget\" data-widget_type=\"heading.default\">\n\t\t\t\t<div class=\"elementor-widget-container\">\n\t\t\t\t\t<h1 class=\"elementor-heading-title elementor-size-default\">R\u00e9servations au Montagnard <\/h1>\t\t\t\t<\/div>\n\t\t\t\t<\/div>\n\t\t\t\t<div class=\"elementor-element elementor-element-e6ee6ea elementor-widget elementor-widget-text-editor\" data-id=\"e6ee6ea\" data-element_type=\"widget\" data-e-type=\"widget\" data-widget_type=\"text-editor.default\">\n\t\t\t\t<div class=\"elementor-widget-container\">\n\t\t\t\t\t\t\t\t\t<p>Profitez pleinement de l\u2019\u00e9t\u00e9 au <strong>Montagnard<\/strong> avec nos <a href=\"https:\/\/www.le-montagnard.com\/la-carte\/\">d\u00e9jeuners<\/a> en terrasse et nos <a href=\"https:\/\/www.le-montagnard.com\/la-carte\/\">d\u00eeners<\/a> dans une ambiance conviviale et chaleureuse, au c\u0153ur de Saint-Martin-de-Belleville.<\/p>\n<p>Nous vous accueillons \u00e0 partir du 3 juillet, tout au long de la saison estivale, selon les horaires suivants :<\/p>\n<ul>\n<li>Ouvert uniquement le soir du mardi au jeudi<\/li>\n<li>Ouvert midi et soir du vendredi au dimanche<\/li>\n<li>Ferm\u00e9 le lundi toute la journ\u00e9e<\/li>\n<\/ul>\n<p>Pour vous assurer une place, pensez \u00e0 r\u00e9server avant votre venue :<\/p>\t\t\t\t\t\t\t\t<\/div>\n\t\t\t\t<\/div>\n\t\t\t\t<\/div>\n\t\t\t\t<\/div>\n\t\t\t\t<\/div>\n\t\t<div class=\"elementor-element elementor-element-60e2fda e-con-full e-flex e-con e-parent\" data-id=\"60e2fda\" data-element_type=\"container\" data-e-type=\"container\" data-settings=\"{&quot;jet_parallax_layout_list&quot;:[{&quot;jet_parallax_layout_image&quot;:{&quot;url&quot;:&quot;&quot;,&quot;id&quot;:&quot;&quot;,&quot;size&quot;:&quot;&quot;},&quot;_id&quot;:&quot;e260572&quot;,&quot;jet_parallax_layout_image_tablet&quot;:{&quot;url&quot;:&quot;&quot;,&quot;id&quot;:&quot;&quot;,&quot;size&quot;:&quot;&quot;},&quot;jet_parallax_layout_image_mobile&quot;:{&quot;url&quot;:&quot;&quot;,&quot;id&quot;:&quot;&quot;,&quot;size&quot;:&quot;&quot;},&quot;jet_parallax_layout_speed&quot;:{&quot;unit&quot;:&quot;%&quot;,&quot;size&quot;:50,&quot;sizes&quot;:[]},&quot;jet_parallax_layout_type&quot;:&quot;scroll&quot;,&quot;jet_parallax_layout_direction&quot;:&quot;1&quot;,&quot;jet_parallax_layout_fx_direction&quot;:null,&quot;jet_parallax_layout_z_index&quot;:&quot;&quot;,&quot;jet_parallax_layout_bg_x&quot;:50,&quot;jet_parallax_layout_bg_x_tablet&quot;:&quot;&quot;,&quot;jet_parallax_layout_bg_x_mobile&quot;:&quot;&quot;,&quot;jet_parallax_layout_bg_y&quot;:50,&quot;jet_parallax_layout_bg_y_tablet&quot;:&quot;&quot;,&quot;jet_parallax_layout_bg_y_mobile&quot;:&quot;&quot;,&quot;jet_parallax_layout_bg_size&quot;:&quot;auto&quot;,&quot;jet_parallax_layout_bg_size_tablet&quot;:&quot;&quot;,&quot;jet_parallax_layout_bg_size_mobile&quot;:&quot;&quot;,&quot;jet_parallax_layout_animation_prop&quot;:&quot;transform&quot;,&quot;jet_parallax_layout_on&quot;:[&quot;desktop&quot;,&quot;tablet&quot;]}],&quot;background_background&quot;:&quot;gradient&quot;}\">\n\t\t\t\t<div class=\"elementor-element elementor-element-17fe11f elementor-widget elementor-widget-html\" data-id=\"17fe11f\" data-element_type=\"widget\" data-e-type=\"widget\" data-no-translation=\"\" data-widget_type=\"html.default\">\n\t\t\t\t<div class=\"elementor-widget-container\">\n\t\t\t\t\t<style>.elementor-element-17fe11f{display:none !important}<\/style>\t\t\t\t<\/div>\n\t\t\t\t<\/div>\n\t\t\t\t<div class=\"elementor-element elementor-element-3546cc8 elementor-hidden-desktop elementor-hidden-tablet elementor-hidden-mobile elementor-widget elementor-widget-html\" data-id=\"3546cc8\" data-element_type=\"widget\" data-e-type=\"widget\" data-no-translation=\"\" data-widget_type=\"html.default\">\n\t\t\t\t<div class=\"elementor-widget-container\">\n\t\t\t\t\t<div align=\"center\">\n<iframe src=\"https:\/\/module.lafourchette.com\/en\/module\/508-8c0df\" style=\"width: 100% ; min-height: 1200px ; border:none; scrolling:yes;\">\n<\/iframe>\n<\/div>\t\t\t\t<\/div>\n\t\t\t\t<\/div>\n\t\t\t\t<div class=\"elementor-element elementor-element-e582515 elementor-widget elementor-widget-text-editor\" data-id=\"e582515\" data-element_type=\"widget\" data-e-type=\"widget\" data-widget_type=\"text-editor.default\">\n\t\t\t\t<div class=\"elementor-widget-container\">\n\t\t\t\t\t\t\t\t\t<p><strong>Adresse :<\/strong><\/p><p>Restaurant Le Montagnard<br \/>35 rue des Places<br \/>73440 Saint Martin de Belleville<\/p>\t\t\t\t\t\t\t\t<\/div>\n\t\t\t\t<\/div>\n\t\t\t\t<\/div>\n\t\t\t\t<\/div>\n\t\t","protected":false},"excerpt":{"rendered":"<p>R\u00e9servations au Montagnard Profitez pleinement de l\u2019\u00e9t\u00e9 au Montagnard avec nos d\u00e9jeuners en terrasse et nos d\u00eeners dans une ambiance conviviale et chaleureuse, au c\u0153ur de Saint-Martin-de-Belleville. Nous vous accueillons \u00e0 partir du 3 juillet, tout au long de la saison estivale, selon les horaires suivants : Ouvert uniquement le soir du mardi au jeudi [&hellip;]<\/p>\n","protected":false},"author":1,"featured_media":0,"parent":0,"menu_order":0,"comment_status":"closed","ping_status":"closed","template":"elementor_header_footer","meta":{"footnotes":""},"class_list":["post-2289","page","type-page","status-publish","hentry"],"yoast_head":"<!-- This site is optimized with the Yoast SEO plugin v27.5 - https:\/\/yoast.com\/product\/yoast-seo-wordpress\/ -->\n<title>R\u00e9server - restaurant Le Montagnard - St Martin de Belleville<\/title>\n<meta name=\"description\" content=\"Contactez l&#039;\u00e9quipe du Restaurant le Montagnard \u00e0 Saint Martin de Belleville, sur les 3 Vall\u00e9es, Savoie, Alpes fran\u00e7aises\" \/>\n<meta name=\"robots\" content=\"index, follow, max-snippet:-1, max-image-preview:large, max-video-preview:-1\" \/>\n<link rel=\"canonical\" href=\"https:\/\/www.le-montagnard.com\/en\/reservation-restaurant-le-montagnard-st-martin-de-belleville\/\" \/>\n<meta property=\"og:locale\" content=\"en_GB\" \/>\n<meta property=\"og:type\" content=\"article\" \/>\n<meta property=\"og:title\" content=\"R\u00e9server - restaurant Le Montagnard - St Martin de Belleville\" \/>\n<meta property=\"og:description\" content=\"Contactez l&#039;\u00e9quipe du Restaurant le Montagnard \u00e0 Saint Martin de Belleville, sur les 3 Vall\u00e9es, Savoie, Alpes fran\u00e7aises\" \/>\n<meta property=\"og:url\" content=\"https:\/\/www.le-montagnard.com\/en\/reservation-restaurant-le-montagnard-st-martin-de-belleville\/\" \/>\n<meta property=\"og:site_name\" content=\"Le Montagnard\" \/>\n<meta property=\"article:modified_time\" content=\"2026-04-28T10:15:41+00:00\" \/>\n<meta name=\"twitter:card\" content=\"summary_large_image\" \/>\n<meta name=\"twitter:label1\" content=\"Estimated reading time\" \/>\n\t<meta name=\"twitter:data1\" content=\"1 minute\" \/>\n<script type=\"application\/ld+json\" class=\"yoast-schema-graph\">{\"@context\":\"https:\\\/\\\/schema.org\",\"@graph\":[{\"@type\":\"WebPage\",\"@id\":\"https:\\\/\\\/www.le-montagnard.com\\\/reservation-restaurant-le-montagnard-st-martin-de-belleville\\\/\",\"url\":\"https:\\\/\\\/www.le-montagnard.com\\\/reservation-restaurant-le-montagnard-st-martin-de-belleville\\\/\",\"name\":\"R\u00e9server - restaurant Le Montagnard - St Martin de Belleville\",\"isPartOf\":{\"@id\":\"https:\\\/\\\/www.le-montagnard.com\\\/#website\"},\"datePublished\":\"2021-09-10T07:06:47+00:00\",\"dateModified\":\"2026-04-28T10:15:41+00:00\",\"description\":\"Contactez l'\u00e9quipe du Restaurant le Montagnard \u00e0 Saint Martin de Belleville, sur les 3 Vall\u00e9es, Savoie, Alpes fran\u00e7aises\",\"breadcrumb\":{\"@id\":\"https:\\\/\\\/www.le-montagnard.com\\\/reservation-restaurant-le-montagnard-st-martin-de-belleville\\\/#breadcrumb\"},\"inLanguage\":\"en-GB\",\"potentialAction\":[{\"@type\":\"ReadAction\",\"target\":[\"https:\\\/\\\/www.le-montagnard.com\\\/reservation-restaurant-le-montagnard-st-martin-de-belleville\\\/\"]}]},{\"@type\":\"BreadcrumbList\",\"@id\":\"https:\\\/\\\/www.le-montagnard.com\\\/reservation-restaurant-le-montagnard-st-martin-de-belleville\\\/#breadcrumb\",\"itemListElement\":[{\"@type\":\"ListItem\",\"position\":1,\"name\":\"Accueil\",\"item\":\"https:\\\/\\\/www.le-montagnard.com\\\/\"},{\"@type\":\"ListItem\",\"position\":2,\"name\":\"R\u00e9server\"}]},{\"@type\":\"WebSite\",\"@id\":\"https:\\\/\\\/www.le-montagnard.com\\\/#website\",\"url\":\"https:\\\/\\\/www.le-montagnard.com\\\/\",\"name\":\"Le Montagnard\",\"description\":\"Restaurant - Saint Martin de Belleville\",\"potentialAction\":[{\"@type\":\"SearchAction\",\"target\":{\"@type\":\"EntryPoint\",\"urlTemplate\":\"https:\\\/\\\/www.le-montagnard.com\\\/?s={search_term_string}\"},\"query-input\":{\"@type\":\"PropertyValueSpecification\",\"valueRequired\":true,\"valueName\":\"search_term_string\"}}],\"inLanguage\":\"en-GB\"}]}<\/script>\n<!-- \/ Yoast SEO plugin. -->","yoast_head_json":{"title":"R\u00e9server - restaurant Le Montagnard - St Martin de Belleville","description":"Contactez l'\u00e9quipe du Restaurant le Montagnard \u00e0 Saint Martin de Belleville, sur les 3 Vall\u00e9es, Savoie, Alpes fran\u00e7aises","robots":{"index":"index","follow":"follow","max-snippet":"max-snippet:-1","max-image-preview":"max-image-preview:large","max-video-preview":"max-video-preview:-1"},"canonical":"https:\/\/www.le-montagnard.com\/en\/reservation-restaurant-le-montagnard-st-martin-de-belleville\/","og_locale":"en_GB","og_type":"article","og_title":"R\u00e9server - restaurant Le Montagnard - St Martin de Belleville","og_description":"Contactez l'\u00e9quipe du Restaurant le Montagnard \u00e0 Saint Martin de Belleville, sur les 3 Vall\u00e9es, Savoie, Alpes fran\u00e7aises","og_url":"https:\/\/www.le-montagnard.com\/en\/reservation-restaurant-le-montagnard-st-martin-de-belleville\/","og_site_name":"Le Montagnard","article_modified_time":"2026-04-28T10:15:41+00:00","twitter_card":"summary_large_image","twitter_misc":{"Estimated reading time":"1 minute"},"schema":{"@context":"https:\/\/schema.org","@graph":[{"@type":"WebPage","@id":"https:\/\/www.le-montagnard.com\/reservation-restaurant-le-montagnard-st-martin-de-belleville\/","url":"https:\/\/www.le-montagnard.com\/reservation-restaurant-le-montagnard-st-martin-de-belleville\/","name":"R\u00e9server - restaurant Le Montagnard - St Martin de Belleville","isPartOf":{"@id":"https:\/\/www.le-montagnard.com\/#website"},"datePublished":"2021-09-10T07:06:47+00:00","dateModified":"2026-04-28T10:15:41+00:00","description":"Contactez l'\u00e9quipe du Restaurant le Montagnard \u00e0 Saint Martin de Belleville, sur les 3 Vall\u00e9es, Savoie, Alpes fran\u00e7aises","breadcrumb":{"@id":"https:\/\/www.le-montagnard.com\/reservation-restaurant-le-montagnard-st-martin-de-belleville\/#breadcrumb"},"inLanguage":"en-GB","potentialAction":[{"@type":"ReadAction","target":["https:\/\/www.le-montagnard.com\/reservation-restaurant-le-montagnard-st-martin-de-belleville\/"]}]},{"@type":"BreadcrumbList","@id":"https:\/\/www.le-montagnard.com\/reservation-restaurant-le-montagnard-st-martin-de-belleville\/#breadcrumb","itemListElement":[{"@type":"ListItem","position":1,"name":"Accueil","item":"https:\/\/www.le-montagnard.com\/"},{"@type":"ListItem","position":2,"name":"R\u00e9server"}]},{"@type":"WebSite","@id":"https:\/\/www.le-montagnard.com\/#website","url":"https:\/\/www.le-montagnard.com\/","name":"Le Montagnard restaurant","description":"Restaurant - Saint Martin de Belleville","potentialAction":[{"@type":"SearchAction","target":{"@type":"EntryPoint","urlTemplate":"https:\/\/www.le-montagnard.com\/?s={search_term_string}"},"query-input":{"@type":"PropertyValueSpecification","valueRequired":true,"valueName":"search_term_string"}}],"inLanguage":"en-GB"}]}},"_links":{"self":[{"href":"https:\/\/www.le-montagnard.com\/en\/wp-json\/wp\/v2\/pages\/2289","targetHints":{"allow":["GET"]}}],"collection":[{"href":"https:\/\/www.le-montagnard.com\/en\/wp-json\/wp\/v2\/pages"}],"about":[{"href":"https:\/\/www.le-montagnard.com\/en\/wp-json\/wp\/v2\/types\/page"}],"author":[{"embeddable":true,"href":"https:\/\/www.le-montagnard.com\/en\/wp-json\/wp\/v2\/users\/1"}],"replies":[{"embeddable":true,"href":"https:\/\/www.le-montagnard.com\/en\/wp-json\/wp\/v2\/comments?post=2289"}],"version-history":[{"count":42,"href":"https:\/\/www.le-montagnard.com\/en\/wp-json\/wp\/v2\/pages\/2289\/revisions"}],"predecessor-version":[{"id":27878,"href":"https:\/\/www.le-montagnard.com\/en\/wp-json\/wp\/v2\/pages\/2289\/revisions\/27878"}],"wp:attachment":[{"href":"https:\/\/www.le-montagnard.com\/en\/wp-json\/wp\/v2\/media?parent=2289"}],"curies":[{"name":"wp","href":"https:\/\/api.w.org\/{rel}","templated":true}]}}